{"id":8278,"date":"2025-06-15T06:48:06","date_gmt":"2025-06-15T06:48:06","guid":{"rendered":"https:\/\/www.vis-tourism.com\/event\/city-choir-celebrates-world-music-day-a-concert-of-popular-croatian-and-international-music\/"},"modified":"2025-07-08T10:13:04","modified_gmt":"2025-07-08T10:13:04","slug":"city-choir-celebrates-world-music-day-a-concert-of-popular-croatian-and-international-music","status":"publish","type":"tribe_events","link":"https:\/\/www.vis-tourism.com\/en\/events\/city-choir-celebrates-world-music-day-a-concert-of-popular-croatian-and-international-music\/","title":{"rendered":"City Choir Celebrates World Music Day \u2013 A Concert of Popular Croatian and International Music"},"content":{"rendered":"<p>To mark World Music Day, the City Choir will hold a concert featuring several soloists. The programme includes Croatian and international popular music, from traditional songs and pop arrangements to famous film music. Admission is free \u2013 join us and celebrate the joy of making music together!<\/p>\n","protected":false},"excerpt":{"rendered":"<p>To mark World Music Day, the City Choir will hold a concert featuring several soloists. The programme includes Croatian and international popular music, from traditional songs and pop arrangements to [&hellip;]<\/p>\n","protected":false},"author":1,"featured_media":8189,"template":"","meta":{"_tribe_events_status":"","_tribe_events_status_reason":"","_tribe_events_is_hybrid":"","_tribe_events_is_virtual":"","_tribe_events_virtual_video_source":"","_tribe_events_virtual_embed_video":"","_tribe_events_virtual_linked_button_text":"","_tribe_events_virtual_linked_button":"","_tribe_events_virtual_show_embed_at":"","_tribe_events_virtual_show_embed_to":[],"_tribe_events_virtual_show_on_event":"","_tribe_events_virtual_show_on_views":"","_tribe_events_virtual_url":"","footnotes":""},"tags":[],"tribe_events_cat":[280],"class_list":["post-8278","tribe_events","type-tribe_events","status-publish","has-post-thumbnail","hentry","tribe_events_cat-for-children","cat_for-children"],"yoast_head":"<!-- This site is optimized with the Yoast SEO plugin v27.4 - https:\/\/yoast.com\/product\/yoast-seo-wordpress\/ -->\n<title>City Choir Celebrates World Music Day \u2013 A Concert of Popular Croatian and International Music - Vis Tourist Board - official site<\/title>\n<meta name=\"description\" content=\"Povodom Svjetskog dana glazbe, Gradski zbor odr\u017eat \u0107e koncert uz nastupe solista. Na programu su doma\u0107a i strana zabavna djela, od tradicijske i pop glazbe do filmskih hitova. Ulaz je slobodan \u2013 pridru\u017eite se i proslavite radost muziciranja!\" \/>\n<meta name=\"robots\" content=\"index, follow, max-snippet:-1, max-image-preview:large, max-video-preview:-1\" \/>\n<link rel=\"canonical\" href=\"https:\/\/www.vis-tourism.com\/en\/events\/city-choir-celebrates-world-music-day-a-concert-of-popular-croatian-and-international-music\/\" \/>\n<meta property=\"og:locale\" content=\"en_US\" \/>\n<meta property=\"og:type\" content=\"article\" \/>\n<meta property=\"og:title\" content=\"City Choir Celebrates World Music Day \u2013 A Concert of Popular Croatian and International Music - Vis Tourist Board - official site\" \/>\n<meta property=\"og:description\" content=\"Povodom Svjetskog dana glazbe, Gradski zbor odr\u017eat \u0107e koncert uz nastupe solista. Na programu su doma\u0107a i strana zabavna djela, od tradicijske i pop glazbe do filmskih hitova. Ulaz je slobodan \u2013 pridru\u017eite se i proslavite radost muziciranja!\" \/>\n<meta property=\"og:url\" content=\"https:\/\/www.vis-tourism.com\/en\/events\/city-choir-celebrates-world-music-day-a-concert-of-popular-croatian-and-international-music\/\" \/>\n<meta property=\"og:site_name\" content=\"Vis Tourist Board - official site\" \/>\n<meta property=\"article:publisher\" content=\"https:\/\/www.facebook.com\/tzgvis\/\" \/>\n<meta property=\"article:modified_time\" content=\"2025-07-08T10:13:04+00:00\" \/>\n<meta property=\"og:image\" content=\"https:\/\/www.vis-tourism.com\/wp-content\/uploads\/2025\/06\/Zbor.jpeg\" \/>\n\t<meta property=\"og:image:width\" content=\"1280\" \/>\n\t<meta property=\"og:image:height\" content=\"701\" \/>\n\t<meta property=\"og:image:type\" content=\"image\/jpeg\" \/>\n<meta name=\"twitter:card\" content=\"summary_large_image\" \/>\n<script type=\"application\/ld+json\" class=\"yoast-schema-graph\">{\"@context\":\"https:\\\/\\\/schema.org\",\"@graph\":[{\"@type\":\"WebPage\",\"@id\":\"https:\\\/\\\/www.vis-tourism.com\\\/en\\\/events\\\/city-choir-celebrates-world-music-day-a-concert-of-popular-croatian-and-international-music\\\/\",\"url\":\"https:\\\/\\\/www.vis-tourism.com\\\/en\\\/events\\\/city-choir-celebrates-world-music-day-a-concert-of-popular-croatian-and-international-music\\\/\",\"name\":\"City Choir Celebrates World Music Day \u2013 A Concert of Popular Croatian and International Music - Vis Tourist Board - official site\",\"isPartOf\":{\"@id\":\"https:\\\/\\\/www.vis-tourism.com\\\/en\\\/#website\"},\"primaryImageOfPage\":{\"@id\":\"https:\\\/\\\/www.vis-tourism.com\\\/en\\\/events\\\/city-choir-celebrates-world-music-day-a-concert-of-popular-croatian-and-international-music\\\/#primaryimage\"},\"image\":{\"@id\":\"https:\\\/\\\/www.vis-tourism.com\\\/en\\\/events\\\/city-choir-celebrates-world-music-day-a-concert-of-popular-croatian-and-international-music\\\/#primaryimage\"},\"thumbnailUrl\":\"https:\\\/\\\/www.vis-tourism.com\\\/wp-content\\\/uploads\\\/2025\\\/06\\\/Zbor.jpeg\",\"datePublished\":\"2025-06-15T06:48:06+00:00\",\"dateModified\":\"2025-07-08T10:13:04+00:00\",\"description\":\"Povodom Svjetskog dana glazbe, Gradski zbor odr\u017eat \u0107e koncert uz nastupe solista. Na programu su doma\u0107a i strana zabavna djela, od tradicijske i pop glazbe do filmskih hitova. Ulaz je slobodan \u2013 pridru\u017eite se i proslavite radost muziciranja!\",\"breadcrumb\":{\"@id\":\"https:\\\/\\\/www.vis-tourism.com\\\/en\\\/events\\\/city-choir-celebrates-world-music-day-a-concert-of-popular-croatian-and-international-music\\\/#breadcrumb\"},\"inLanguage\":\"en-US\",\"potentialAction\":[{\"@type\":\"ReadAction\",\"target\":[\"https:\\\/\\\/www.vis-tourism.com\\\/en\\\/events\\\/city-choir-celebrates-world-music-day-a-concert-of-popular-croatian-and-international-music\\\/\"]}]},{\"@type\":\"ImageObject\",\"inLanguage\":\"en-US\",\"@id\":\"https:\\\/\\\/www.vis-tourism.com\\\/en\\\/events\\\/city-choir-celebrates-world-music-day-a-concert-of-popular-croatian-and-international-music\\\/#primaryimage\",\"url\":\"https:\\\/\\\/www.vis-tourism.com\\\/wp-content\\\/uploads\\\/2025\\\/06\\\/Zbor.jpeg\",\"contentUrl\":\"https:\\\/\\\/www.vis-tourism.com\\\/wp-content\\\/uploads\\\/2025\\\/06\\\/Zbor.jpeg\",\"width\":1280,\"height\":701},{\"@type\":\"BreadcrumbList\",\"@id\":\"https:\\\/\\\/www.vis-tourism.com\\\/en\\\/events\\\/city-choir-celebrates-world-music-day-a-concert-of-popular-croatian-and-international-music\\\/#breadcrumb\",\"itemListElement\":[{\"@type\":\"ListItem\",\"position\":1,\"name\":\"Home\",\"item\":\"https:\\\/\\\/www.vis-tourism.com\\\/en\\\/\"},{\"@type\":\"ListItem\",\"position\":2,\"name\":\"Events\",\"item\":\"https:\\\/\\\/www.vis-tourism.com\\\/en\\\/events\\\/\"},{\"@type\":\"ListItem\",\"position\":3,\"name\":\"City Choir Celebrates World Music Day \u2013 A Concert of Popular Croatian and International Music\"}]},{\"@type\":\"WebSite\",\"@id\":\"https:\\\/\\\/www.vis-tourism.com\\\/en\\\/#website\",\"url\":\"https:\\\/\\\/www.vis-tourism.com\\\/en\\\/\",\"name\":\"Vis Tourist Board - official site\",\"description\":\"Official portal of the Vis Tourist Board, all information about hotels, camps, private accommodation\",\"publisher\":{\"@id\":\"https:\\\/\\\/www.vis-tourism.com\\\/en\\\/#organization\"},\"potentialAction\":[{\"@type\":\"SearchAction\",\"target\":{\"@type\":\"EntryPoint\",\"urlTemplate\":\"https:\\\/\\\/www.vis-tourism.com\\\/en\\\/?s={search_term_string}\"},\"query-input\":{\"@type\":\"PropertyValueSpecification\",\"valueRequired\":true,\"valueName\":\"search_term_string\"}}],\"inLanguage\":\"en-US\"},{\"@type\":\"Organization\",\"@id\":\"https:\\\/\\\/www.vis-tourism.com\\\/en\\\/#organization\",\"name\":\"Turisti\u010dke zajednica grada Visa\",\"url\":\"https:\\\/\\\/www.vis-tourism.com\\\/en\\\/\",\"logo\":{\"@type\":\"ImageObject\",\"inLanguage\":\"en-US\",\"@id\":\"https:\\\/\\\/www.vis-tourism.com\\\/en\\\/#\\\/schema\\\/logo\\\/image\\\/\",\"url\":\"https:\\\/\\\/www.vis-tourism.com\\\/wp-content\\\/uploads\\\/2024\\\/05\\\/tz-vis-logotip.png\",\"contentUrl\":\"https:\\\/\\\/www.vis-tourism.com\\\/wp-content\\\/uploads\\\/2024\\\/05\\\/tz-vis-logotip.png\",\"width\":800,\"height\":378,\"caption\":\"Turisti\u010dke zajednica grada Visa\"},\"image\":{\"@id\":\"https:\\\/\\\/www.vis-tourism.com\\\/en\\\/#\\\/schema\\\/logo\\\/image\\\/\"},\"sameAs\":[\"https:\\\/\\\/www.facebook.com\\\/tzgvis\\\/\",\"https:\\\/\\\/www.instagram.com\\\/tzgvis\\\/\",\"https:\\\/\\\/www.youtube.com\\\/@VisTourism\"]}]}<\/script>\n<!-- \/ Yoast SEO plugin. -->","yoast_head_json":{"title":"City Choir Celebrates World Music Day \u2013 A Concert of Popular Croatian and International Music - Vis Tourist Board - official site","description":"Povodom Svjetskog dana glazbe, Gradski zbor odr\u017eat \u0107e koncert uz nastupe solista. Na programu su doma\u0107a i strana zabavna djela, od tradicijske i pop glazbe do filmskih hitova. Ulaz je slobodan \u2013 pridru\u017eite se i proslavite radost muziciranja!","robots":{"index":"index","follow":"follow","max-snippet":"max-snippet:-1","max-image-preview":"max-image-preview:large","max-video-preview":"max-video-preview:-1"},"canonical":"https:\/\/www.vis-tourism.com\/en\/events\/city-choir-celebrates-world-music-day-a-concert-of-popular-croatian-and-international-music\/","og_locale":"en_US","og_type":"article","og_title":"City Choir Celebrates World Music Day \u2013 A Concert of Popular Croatian and International Music - Vis Tourist Board - official site","og_description":"Povodom Svjetskog dana glazbe, Gradski zbor odr\u017eat \u0107e koncert uz nastupe solista. Na programu su doma\u0107a i strana zabavna djela, od tradicijske i pop glazbe do filmskih hitova. Ulaz je slobodan \u2013 pridru\u017eite se i proslavite radost muziciranja!","og_url":"https:\/\/www.vis-tourism.com\/en\/events\/city-choir-celebrates-world-music-day-a-concert-of-popular-croatian-and-international-music\/","og_site_name":"Vis Tourist Board - official site","article_publisher":"https:\/\/www.facebook.com\/tzgvis\/","article_modified_time":"2025-07-08T10:13:04+00:00","og_image":[{"width":1280,"height":701,"url":"https:\/\/www.vis-tourism.com\/wp-content\/uploads\/2025\/06\/Zbor.jpeg","type":"image\/jpeg"}],"twitter_card":"summary_large_image","schema":{"@context":"https:\/\/schema.org","@graph":[{"@type":"WebPage","@id":"https:\/\/www.vis-tourism.com\/en\/events\/city-choir-celebrates-world-music-day-a-concert-of-popular-croatian-and-international-music\/","url":"https:\/\/www.vis-tourism.com\/en\/events\/city-choir-celebrates-world-music-day-a-concert-of-popular-croatian-and-international-music\/","name":"City Choir Celebrates World Music Day \u2013 A Concert of Popular Croatian and International Music - Vis Tourist Board - official site","isPartOf":{"@id":"https:\/\/www.vis-tourism.com\/en\/#website"},"primaryImageOfPage":{"@id":"https:\/\/www.vis-tourism.com\/en\/events\/city-choir-celebrates-world-music-day-a-concert-of-popular-croatian-and-international-music\/#primaryimage"},"image":{"@id":"https:\/\/www.vis-tourism.com\/en\/events\/city-choir-celebrates-world-music-day-a-concert-of-popular-croatian-and-international-music\/#primaryimage"},"thumbnailUrl":"https:\/\/www.vis-tourism.com\/wp-content\/uploads\/2025\/06\/Zbor.jpeg","datePublished":"2025-06-15T06:48:06+00:00","dateModified":"2025-07-08T10:13:04+00:00","description":"Povodom Svjetskog dana glazbe, Gradski zbor odr\u017eat \u0107e koncert uz nastupe solista. Na programu su doma\u0107a i strana zabavna djela, od tradicijske i pop glazbe do filmskih hitova. Ulaz je slobodan \u2013 pridru\u017eite se i proslavite radost muziciranja!","breadcrumb":{"@id":"https:\/\/www.vis-tourism.com\/en\/events\/city-choir-celebrates-world-music-day-a-concert-of-popular-croatian-and-international-music\/#breadcrumb"},"inLanguage":"en-US","potentialAction":[{"@type":"ReadAction","target":["https:\/\/www.vis-tourism.com\/en\/events\/city-choir-celebrates-world-music-day-a-concert-of-popular-croatian-and-international-music\/"]}]},{"@type":"ImageObject","inLanguage":"en-US","@id":"https:\/\/www.vis-tourism.com\/en\/events\/city-choir-celebrates-world-music-day-a-concert-of-popular-croatian-and-international-music\/#primaryimage","url":"https:\/\/www.vis-tourism.com\/wp-content\/uploads\/2025\/06\/Zbor.jpeg","contentUrl":"https:\/\/www.vis-tourism.com\/wp-content\/uploads\/2025\/06\/Zbor.jpeg","width":1280,"height":701},{"@type":"BreadcrumbList","@id":"https:\/\/www.vis-tourism.com\/en\/events\/city-choir-celebrates-world-music-day-a-concert-of-popular-croatian-and-international-music\/#breadcrumb","itemListElement":[{"@type":"ListItem","position":1,"name":"Home","item":"https:\/\/www.vis-tourism.com\/en\/"},{"@type":"ListItem","position":2,"name":"Events","item":"https:\/\/www.vis-tourism.com\/en\/events\/"},{"@type":"ListItem","position":3,"name":"City Choir Celebrates World Music Day \u2013 A Concert of Popular Croatian and International Music"}]},{"@type":"WebSite","@id":"https:\/\/www.vis-tourism.com\/en\/#website","url":"https:\/\/www.vis-tourism.com\/en\/","name":"Vis Tourist Board - official site","description":"Official portal of the Vis Tourist Board, all information about hotels, camps, private accommodation","publisher":{"@id":"https:\/\/www.vis-tourism.com\/en\/#organization"},"potentialAction":[{"@type":"SearchAction","target":{"@type":"EntryPoint","urlTemplate":"https:\/\/www.vis-tourism.com\/en\/?s={search_term_string}"},"query-input":{"@type":"PropertyValueSpecification","valueRequired":true,"valueName":"search_term_string"}}],"inLanguage":"en-US"},{"@type":"Organization","@id":"https:\/\/www.vis-tourism.com\/en\/#organization","name":"Turisti\u010dke zajednica grada Visa","url":"https:\/\/www.vis-tourism.com\/en\/","logo":{"@type":"ImageObject","inLanguage":"en-US","@id":"https:\/\/www.vis-tourism.com\/en\/#\/schema\/logo\/image\/","url":"https:\/\/www.vis-tourism.com\/wp-content\/uploads\/2024\/05\/tz-vis-logotip.png","contentUrl":"https:\/\/www.vis-tourism.com\/wp-content\/uploads\/2024\/05\/tz-vis-logotip.png","width":800,"height":378,"caption":"Turisti\u010dke zajednica grada Visa"},"image":{"@id":"https:\/\/www.vis-tourism.com\/en\/#\/schema\/logo\/image\/"},"sameAs":["https:\/\/www.facebook.com\/tzgvis\/","https:\/\/www.instagram.com\/tzgvis\/","https:\/\/www.youtube.com\/@VisTourism"]}]}},"_links":{"self":[{"href":"https:\/\/www.vis-tourism.com\/en\/wp-json\/wp\/v2\/tribe_events\/8278","targetHints":{"allow":["GET"]}}],"collection":[{"href":"https:\/\/www.vis-tourism.com\/en\/wp-json\/wp\/v2\/tribe_events"}],"about":[{"href":"https:\/\/www.vis-tourism.com\/en\/wp-json\/wp\/v2\/types\/tribe_events"}],"author":[{"embeddable":true,"href":"https:\/\/www.vis-tourism.com\/en\/wp-json\/wp\/v2\/users\/1"}],"version-history":[{"count":1,"href":"https:\/\/www.vis-tourism.com\/en\/wp-json\/wp\/v2\/tribe_events\/8278\/revisions"}],"predecessor-version":[{"id":8396,"href":"https:\/\/www.vis-tourism.com\/en\/wp-json\/wp\/v2\/tribe_events\/8278\/revisions\/8396"}],"wp:featuredmedia":[{"embeddable":true,"href":"https:\/\/www.vis-tourism.com\/en\/wp-json\/wp\/v2\/media\/8189"}],"wp:attachment":[{"href":"https:\/\/www.vis-tourism.com\/en\/wp-json\/wp\/v2\/media?parent=8278"}],"wp:term":[{"taxonomy":"post_tag","embeddable":true,"href":"https:\/\/www.vis-tourism.com\/en\/wp-json\/wp\/v2\/tags?post=8278"},{"taxonomy":"tribe_events_cat","embeddable":true,"href":"https:\/\/www.vis-tourism.com\/en\/wp-json\/wp\/v2\/tribe_events_cat?post=8278"}],"curies":[{"name":"wp","href":"https:\/\/api.w.org\/{rel}","templated":true}]}}