{"id":3767,"date":"2024-07-19T12:49:19","date_gmt":"2024-07-19T12:49:19","guid":{"rendered":"https:\/\/www.vis-tourism.com\/istrazite\/palaca-gariboldi\/"},"modified":"2024-10-01T18:18:50","modified_gmt":"2024-10-01T18:18:50","slug":"palaca-gariboldi","status":"publish","type":"istrazite","link":"https:\/\/www.vis-tourism.com\/hr\/istrazite\/palaca-gariboldi\/","title":{"rendered":"Pala\u010da Gariboldi"},"content":{"rendered":"\n<p>Na Visu je imao svoje posjede pa je uskoro sagradio pala\u010du na \u010dijem je vanjskom visokom pro\u010delnom zidu iznad portala postavio natpis u kojem isti\u010de da je gra\u0111anin Hvara i svoje milansko podrijetlo:<\/p>\n\n\n\n<p><strong>LAVS DEO FRANCISCVS GARIBOLDVS MEDIOLANENSIS<\/strong><\/p>\n\n\n\n<p><strong>NVNC CIVIS LESINAE PRO SE IPSO AC FILIIS ET<\/strong><\/p>\n\n\n\n<p><strong>HEREDIBVS SVIV HOC OPVS CONSTRVXIT MDLII<\/strong><\/p>\n\n\n\n<p>Iza ogradnog zida prostire se poplo\u010dano dvori\u0161te koje je kasnije diobama pregra\u0111eno i skra\u0107eno, a u njemu se nalazi i bunar. Ku\u0107no pro\u010delje ra\u0161\u010dlanjeno je profiliranim prozorima i obrubljeno kamenim vijencem krova oki\u0107enim kamenim akroterijima u obliku kugle. U prizemlju se nalazi konoba, a od prizemlja do sredi\u0161njih vrata na prvom katu iznad kojih je latinski natpis<\/p>\n\n\n\n<p><strong>GLORIA LAVS ET HONOR TIBI SIT<\/strong><\/p>\n\n\n\n<p><strong>CHRISTE REDMEPTOR<\/strong><\/p>\n\n\n\n<p>vode lijepe kamene stube.<\/p>\n\n\n\n<p>Nad vratima je istaknut reljefni grb u \u010dijem polju se nalaze utvrda i \u010detiri zvijezde, a s obje strane su inicijali Franina imena F.G.<\/p>\n\n\n\n<p>U unutra\u0161njosti ku\u0107e je sredi\u0161nja dvorana sa sazidnim renesansnim umivaonikom profiliranog okvira, kasnije pretvorenim u vrata terase nadogra\u0111ene u XVIII st. Ku\u0107a je pro\u0161irena na zapad i dobila oblik slova L, a taj dio se uzdi\u017ee na \u0161est lukova koji se oslanjaju na \u010detverokutne stupove. U ovom dijelu ku\u0107e nalazi se i zidni umivaonik goti\u010dkog luka iski\u0107en reljefno izra\u0111enim li\u0161\u0107em i zupcima.<\/p>\n\n\n\n<p>Sa zapadne strane ku\u0107e prostrani je perivoj s palmama i \u010dempresima koje je u XIX st. zasadio i uredio graditelj Marinkovi\u0107.<\/p>\n","protected":false},"featured_media":3768,"template":"","istrazite-kategorija":[92],"class_list":["post-3767","istrazite","type-istrazite","status-publish","has-post-thumbnail","hentry","istrazite-kategorija-kuce-u-visu"],"yoast_head":"<!-- This site is optimized with the Yoast SEO plugin v27.4 - https:\/\/yoast.com\/product\/yoast-seo-wordpress\/ -->\n<title>Pala\u010da Gariboldi - Turisti\u010dka zajednica grada Visa<\/title>\n<meta name=\"description\" content=\"Pala\u010da Gariboldi\" \/>\n<meta name=\"robots\" content=\"index, follow, max-snippet:-1, max-image-preview:large, max-video-preview:-1\" \/>\n<link rel=\"canonical\" href=\"https:\/\/www.vis-tourism.com\/hr\/istrazite\/palaca-gariboldi\/\" \/>\n<meta property=\"og:locale\" content=\"hr_HR\" \/>\n<meta property=\"og:type\" content=\"article\" \/>\n<meta property=\"og:title\" content=\"Pala\u010da Gariboldi - Turisti\u010dka zajednica grada Visa\" \/>\n<meta property=\"og:description\" content=\"Pala\u010da Gariboldi\" \/>\n<meta property=\"og:url\" content=\"https:\/\/www.vis-tourism.com\/hr\/istrazite\/palaca-gariboldi\/\" \/>\n<meta property=\"og:site_name\" content=\"Turisti\u010dka zajednica grada Visa\" \/>\n<meta property=\"article:publisher\" content=\"https:\/\/www.facebook.com\/tzgvis\/\" \/>\n<meta property=\"article:modified_time\" content=\"2024-10-01T18:18:50+00:00\" \/>\n<meta property=\"og:image\" content=\"https:\/\/www.vis-tourism.com\/wp-content\/uploads\/2024\/07\/Palaca-Gariboldi.jpeg\" \/>\n\t<meta property=\"og:image:width\" content=\"1280\" \/>\n\t<meta property=\"og:image:height\" content=\"851\" \/>\n\t<meta property=\"og:image:type\" content=\"image\/jpeg\" \/>\n<meta name=\"twitter:card\" content=\"summary_large_image\" \/>\n<meta name=\"twitter:label1\" content=\"Procijenjeno vrijeme \u010ditanja\" \/>\n\t<meta name=\"twitter:data1\" content=\"2 minute\" \/>\n<script type=\"application\/ld+json\" class=\"yoast-schema-graph\">{\"@context\":\"https:\\\/\\\/schema.org\",\"@graph\":[{\"@type\":\"WebPage\",\"@id\":\"https:\\\/\\\/www.vis-tourism.com\\\/hr\\\/istrazite\\\/palaca-gariboldi\\\/\",\"url\":\"https:\\\/\\\/www.vis-tourism.com\\\/hr\\\/istrazite\\\/palaca-gariboldi\\\/\",\"name\":\"Pala\u010da Gariboldi - Turisti\u010dka zajednica grada Visa\",\"isPartOf\":{\"@id\":\"https:\\\/\\\/www.vis-tourism.com\\\/hr\\\/#website\"},\"primaryImageOfPage\":{\"@id\":\"https:\\\/\\\/www.vis-tourism.com\\\/hr\\\/istrazite\\\/palaca-gariboldi\\\/#primaryimage\"},\"image\":{\"@id\":\"https:\\\/\\\/www.vis-tourism.com\\\/hr\\\/istrazite\\\/palaca-gariboldi\\\/#primaryimage\"},\"thumbnailUrl\":\"https:\\\/\\\/www.vis-tourism.com\\\/wp-content\\\/uploads\\\/2024\\\/07\\\/Palaca-Gariboldi.jpeg\",\"datePublished\":\"2024-07-19T12:49:19+00:00\",\"dateModified\":\"2024-10-01T18:18:50+00:00\",\"description\":\"Pala\u010da Gariboldi\",\"breadcrumb\":{\"@id\":\"https:\\\/\\\/www.vis-tourism.com\\\/hr\\\/istrazite\\\/palaca-gariboldi\\\/#breadcrumb\"},\"inLanguage\":\"hr\",\"potentialAction\":[{\"@type\":\"ReadAction\",\"target\":[\"https:\\\/\\\/www.vis-tourism.com\\\/hr\\\/istrazite\\\/palaca-gariboldi\\\/\"]}]},{\"@type\":\"ImageObject\",\"inLanguage\":\"hr\",\"@id\":\"https:\\\/\\\/www.vis-tourism.com\\\/hr\\\/istrazite\\\/palaca-gariboldi\\\/#primaryimage\",\"url\":\"https:\\\/\\\/www.vis-tourism.com\\\/wp-content\\\/uploads\\\/2024\\\/07\\\/Palaca-Gariboldi.jpeg\",\"contentUrl\":\"https:\\\/\\\/www.vis-tourism.com\\\/wp-content\\\/uploads\\\/2024\\\/07\\\/Palaca-Gariboldi.jpeg\",\"width\":1280,\"height\":851},{\"@type\":\"BreadcrumbList\",\"@id\":\"https:\\\/\\\/www.vis-tourism.com\\\/hr\\\/istrazite\\\/palaca-gariboldi\\\/#breadcrumb\",\"itemListElement\":[{\"@type\":\"ListItem\",\"position\":1,\"name\":\"Home\",\"item\":\"https:\\\/\\\/www.vis-tourism.com\\\/hr\\\/\"},{\"@type\":\"ListItem\",\"position\":2,\"name\":\"Istra\u017eite\",\"item\":\"https:\\\/\\\/www.vis-tourism.com\\\/hr\\\/istrazite\\\/\"},{\"@type\":\"ListItem\",\"position\":3,\"name\":\"Kulturna ba\u0161tina\",\"item\":\"https:\\\/\\\/www.vis-tourism.com\\\/hr\\\/istrazite-kategorija\\\/kulturna-bastina\\\/\"},{\"@type\":\"ListItem\",\"position\":4,\"name\":\"Ku\u0107e u Visu\",\"item\":\"https:\\\/\\\/www.vis-tourism.com\\\/hr\\\/istrazite-kategorija\\\/kuce-u-visu\\\/\"},{\"@type\":\"ListItem\",\"position\":5,\"name\":\"Pala\u010da Gariboldi\"}]},{\"@type\":\"WebSite\",\"@id\":\"https:\\\/\\\/www.vis-tourism.com\\\/hr\\\/#website\",\"url\":\"https:\\\/\\\/www.vis-tourism.com\\\/hr\\\/\",\"name\":\"Turisti\u010dka zajednica grada Visa\",\"description\":\"Slu\u017ebeni portal Turisti\u010dke zajednice Grada Visa, sve informacije o hotelima kampovima, privatnom smje\u0161taju\",\"publisher\":{\"@id\":\"https:\\\/\\\/www.vis-tourism.com\\\/hr\\\/#organization\"},\"potentialAction\":[{\"@type\":\"SearchAction\",\"target\":{\"@type\":\"EntryPoint\",\"urlTemplate\":\"https:\\\/\\\/www.vis-tourism.com\\\/hr\\\/?s={search_term_string}\"},\"query-input\":{\"@type\":\"PropertyValueSpecification\",\"valueRequired\":true,\"valueName\":\"search_term_string\"}}],\"inLanguage\":\"hr\"},{\"@type\":\"Organization\",\"@id\":\"https:\\\/\\\/www.vis-tourism.com\\\/hr\\\/#organization\",\"name\":\"Turisti\u010dke zajednica grada Visa\",\"url\":\"https:\\\/\\\/www.vis-tourism.com\\\/hr\\\/\",\"logo\":{\"@type\":\"ImageObject\",\"inLanguage\":\"hr\",\"@id\":\"https:\\\/\\\/www.vis-tourism.com\\\/hr\\\/#\\\/schema\\\/logo\\\/image\\\/\",\"url\":\"https:\\\/\\\/www.vis-tourism.com\\\/wp-content\\\/uploads\\\/2024\\\/05\\\/tz-vis-logotip.png\",\"contentUrl\":\"https:\\\/\\\/www.vis-tourism.com\\\/wp-content\\\/uploads\\\/2024\\\/05\\\/tz-vis-logotip.png\",\"width\":800,\"height\":378,\"caption\":\"Turisti\u010dke zajednica grada Visa\"},\"image\":{\"@id\":\"https:\\\/\\\/www.vis-tourism.com\\\/hr\\\/#\\\/schema\\\/logo\\\/image\\\/\"},\"sameAs\":[\"https:\\\/\\\/www.facebook.com\\\/tzgvis\\\/\",\"https:\\\/\\\/www.instagram.com\\\/tzgvis\\\/\",\"https:\\\/\\\/www.youtube.com\\\/@VisTourism\"]}]}<\/script>\n<!-- \/ Yoast SEO plugin. -->","yoast_head_json":{"title":"Pala\u010da Gariboldi - Turisti\u010dka zajednica grada Visa","description":"Pala\u010da Gariboldi","robots":{"index":"index","follow":"follow","max-snippet":"max-snippet:-1","max-image-preview":"max-image-preview:large","max-video-preview":"max-video-preview:-1"},"canonical":"https:\/\/www.vis-tourism.com\/hr\/istrazite\/palaca-gariboldi\/","og_locale":"hr_HR","og_type":"article","og_title":"Pala\u010da Gariboldi - Turisti\u010dka zajednica grada Visa","og_description":"Pala\u010da Gariboldi","og_url":"https:\/\/www.vis-tourism.com\/hr\/istrazite\/palaca-gariboldi\/","og_site_name":"Turisti\u010dka zajednica grada Visa","article_publisher":"https:\/\/www.facebook.com\/tzgvis\/","article_modified_time":"2024-10-01T18:18:50+00:00","og_image":[{"width":1280,"height":851,"url":"https:\/\/www.vis-tourism.com\/wp-content\/uploads\/2024\/07\/Palaca-Gariboldi.jpeg","type":"image\/jpeg"}],"twitter_card":"summary_large_image","twitter_misc":{"Procijenjeno vrijeme \u010ditanja":"2 minute"},"schema":{"@context":"https:\/\/schema.org","@graph":[{"@type":"WebPage","@id":"https:\/\/www.vis-tourism.com\/hr\/istrazite\/palaca-gariboldi\/","url":"https:\/\/www.vis-tourism.com\/hr\/istrazite\/palaca-gariboldi\/","name":"Pala\u010da Gariboldi - Turisti\u010dka zajednica grada Visa","isPartOf":{"@id":"https:\/\/www.vis-tourism.com\/hr\/#website"},"primaryImageOfPage":{"@id":"https:\/\/www.vis-tourism.com\/hr\/istrazite\/palaca-gariboldi\/#primaryimage"},"image":{"@id":"https:\/\/www.vis-tourism.com\/hr\/istrazite\/palaca-gariboldi\/#primaryimage"},"thumbnailUrl":"https:\/\/www.vis-tourism.com\/wp-content\/uploads\/2024\/07\/Palaca-Gariboldi.jpeg","datePublished":"2024-07-19T12:49:19+00:00","dateModified":"2024-10-01T18:18:50+00:00","description":"Pala\u010da Gariboldi","breadcrumb":{"@id":"https:\/\/www.vis-tourism.com\/hr\/istrazite\/palaca-gariboldi\/#breadcrumb"},"inLanguage":"hr","potentialAction":[{"@type":"ReadAction","target":["https:\/\/www.vis-tourism.com\/hr\/istrazite\/palaca-gariboldi\/"]}]},{"@type":"ImageObject","inLanguage":"hr","@id":"https:\/\/www.vis-tourism.com\/hr\/istrazite\/palaca-gariboldi\/#primaryimage","url":"https:\/\/www.vis-tourism.com\/wp-content\/uploads\/2024\/07\/Palaca-Gariboldi.jpeg","contentUrl":"https:\/\/www.vis-tourism.com\/wp-content\/uploads\/2024\/07\/Palaca-Gariboldi.jpeg","width":1280,"height":851},{"@type":"BreadcrumbList","@id":"https:\/\/www.vis-tourism.com\/hr\/istrazite\/palaca-gariboldi\/#breadcrumb","itemListElement":[{"@type":"ListItem","position":1,"name":"Home","item":"https:\/\/www.vis-tourism.com\/hr\/"},{"@type":"ListItem","position":2,"name":"Istra\u017eite","item":"https:\/\/www.vis-tourism.com\/hr\/istrazite\/"},{"@type":"ListItem","position":3,"name":"Kulturna ba\u0161tina","item":"https:\/\/www.vis-tourism.com\/hr\/istrazite-kategorija\/kulturna-bastina\/"},{"@type":"ListItem","position":4,"name":"Ku\u0107e u Visu","item":"https:\/\/www.vis-tourism.com\/hr\/istrazite-kategorija\/kuce-u-visu\/"},{"@type":"ListItem","position":5,"name":"Pala\u010da Gariboldi"}]},{"@type":"WebSite","@id":"https:\/\/www.vis-tourism.com\/hr\/#website","url":"https:\/\/www.vis-tourism.com\/hr\/","name":"Turisti\u010dka zajednica grada Visa","description":"Slu\u017ebeni portal Turisti\u010dke zajednice Grada Visa, sve informacije o hotelima kampovima, privatnom smje\u0161taju","publisher":{"@id":"https:\/\/www.vis-tourism.com\/hr\/#organization"},"potentialAction":[{"@type":"SearchAction","target":{"@type":"EntryPoint","urlTemplate":"https:\/\/www.vis-tourism.com\/hr\/?s={search_term_string}"},"query-input":{"@type":"PropertyValueSpecification","valueRequired":true,"valueName":"search_term_string"}}],"inLanguage":"hr"},{"@type":"Organization","@id":"https:\/\/www.vis-tourism.com\/hr\/#organization","name":"Turisti\u010dke zajednica grada Visa","url":"https:\/\/www.vis-tourism.com\/hr\/","logo":{"@type":"ImageObject","inLanguage":"hr","@id":"https:\/\/www.vis-tourism.com\/hr\/#\/schema\/logo\/image\/","url":"https:\/\/www.vis-tourism.com\/wp-content\/uploads\/2024\/05\/tz-vis-logotip.png","contentUrl":"https:\/\/www.vis-tourism.com\/wp-content\/uploads\/2024\/05\/tz-vis-logotip.png","width":800,"height":378,"caption":"Turisti\u010dke zajednica grada Visa"},"image":{"@id":"https:\/\/www.vis-tourism.com\/hr\/#\/schema\/logo\/image\/"},"sameAs":["https:\/\/www.facebook.com\/tzgvis\/","https:\/\/www.instagram.com\/tzgvis\/","https:\/\/www.youtube.com\/@VisTourism"]}]}},"_links":{"self":[{"href":"https:\/\/www.vis-tourism.com\/hr\/wp-json\/wp\/v2\/istrazite\/3767","targetHints":{"allow":["GET"]}}],"collection":[{"href":"https:\/\/www.vis-tourism.com\/hr\/wp-json\/wp\/v2\/istrazite"}],"about":[{"href":"https:\/\/www.vis-tourism.com\/hr\/wp-json\/wp\/v2\/types\/istrazite"}],"wp:featuredmedia":[{"embeddable":true,"href":"https:\/\/www.vis-tourism.com\/hr\/wp-json\/wp\/v2\/media\/3768"}],"wp:attachment":[{"href":"https:\/\/www.vis-tourism.com\/hr\/wp-json\/wp\/v2\/media?parent=3767"}],"wp:term":[{"taxonomy":"istrazite-kategorija","embeddable":true,"href":"https:\/\/www.vis-tourism.com\/hr\/wp-json\/wp\/v2\/istrazite-kategorija?post=3767"}],"curies":[{"name":"wp","href":"https:\/\/api.w.org\/{rel}","templated":true}]}}