{"id":10006766,"date":"2025-06-15T07:50:07","date_gmt":"2025-06-15T07:50:07","guid":{"rendered":"https:\/\/www.vis-tourism.com\/?post_type=tribe_events&#038;p=8293"},"modified":"2025-07-25T13:37:39","modified_gmt":"2025-07-25T13:37:39","slug":"neno-belan-fiumens-na-viskoj-noci-glazbeni-spektakl-27-srpnja","status":"publish","type":"tribe_events","link":"https:\/\/www.vis-tourism.com\/hr\/kalendar-dogadanja\/neno-belan-fiumens-na-viskoj-noci-glazbeni-spektakl-27-srpnja\/2025-07-27\/","title":{"rendered":"Neno Belan &#038; Fiumens na Vi\u0161koj no\u0107i \u2013 27. srpnja, u nedjelju umjesto u subotu!"},"content":{"rendered":"<p>Ove godine Vi\u0161ka no\u0107 donosi poseban glazbeni do\u017eivljaj \u2013 koncert Nene Belana &amp; Fiumensa!<\/p>\n<p>Vi\u0161ka no\u0107 i koncert \u0107e se zbog vremenskih neprilika i najavljenih oluja odr\u017eati <strong>u nedjelju 27.07.<\/strong><\/p>\n<p>U\u017eivajte u ve\u010deri ispunjenoj bezvremenskim hitovima, plesu i nezaboravnoj atmosferi pod zvijezdama,\u00a0ali i u tradicionalnoj gastro ponudi i programu!<\/p>\n<p>Za najmla\u0111e tu je i Art Club s posebnim radionicama i zabavom.<\/p>\n<p>Vidimo se!<\/p>\n","protected":false},"excerpt":{"rendered":"<p>Ove godine Vi\u0161ka no\u0107 donosi poseban glazbeni do\u017eivljaj \u2013 koncert Nene Belana &amp; Fiumensa! Vi\u0161ka no\u0107 i koncert \u0107e se zbog vremenskih neprilika i najavljenih oluja odr\u017eati u nedjelju 27.07. [&hellip;]<\/p>\n","protected":false},"author":1,"featured_media":8729,"template":"","meta":{"_tribe_events_status":"","_tribe_events_status_reason":"","_tribe_events_is_hybrid":"","_tribe_events_is_virtual":"","_tribe_events_virtual_video_source":"","_tribe_events_virtual_embed_video":"","_tribe_events_virtual_linked_button_text":"","_tribe_events_virtual_linked_button":"","_tribe_events_virtual_show_embed_at":"","_tribe_events_virtual_show_embed_to":[],"_tribe_events_virtual_show_on_event":"","_tribe_events_virtual_show_on_views":"","_tribe_events_virtual_url":"","footnotes":""},"tags":[],"tribe_events_cat":[272],"class_list":["post-10006766","tribe_events","type-tribe_events","status-publish","has-post-thumbnail","hentry","tribe_events_cat-koncert","cat_koncert","tribe-recurring-event","tribe-recurring-event-parent"],"yoast_head":"<!-- This site is optimized with the Yoast SEO plugin v27.4 - https:\/\/yoast.com\/product\/yoast-seo-wordpress\/ -->\n<title>Neno Belan &amp; Fiumens na Vi\u0161koj no\u0107i \u2013 27. srpnja, u nedjelju umjesto u subotu! - Turisti\u010dka zajednica grada Visa<\/title>\n<meta name=\"description\" content=\"Pridru\u017eite se nezaboravnoj Vi\u0161koj no\u0107i uz koncert Nene Belana &amp; Fiumensa 27. srpnja! O\u010dekuje vas ve\u010der ispunjena hitovima, plesom i vrhunskom atmosferom na otoku Visu. Ulaz slobodan \u2013 ne propustite najve\u0107i ljetni glazbeni doga\u0111aj!\" \/>\n<meta name=\"robots\" content=\"index, follow, max-snippet:-1, max-image-preview:large, max-video-preview:-1\" \/>\n<link rel=\"canonical\" href=\"https:\/\/www.vis-tourism.com\/hr\/kalendar-dogadanja\/neno-belan-fiumens-na-viskoj-noci-glazbeni-spektakl-27-srpnja\/2025-07-27\/\" \/>\n<meta property=\"og:locale\" content=\"hr_HR\" \/>\n<meta property=\"og:type\" content=\"article\" \/>\n<meta property=\"og:title\" content=\"Neno Belan &amp; Fiumens na Vi\u0161koj no\u0107i \u2013 27. srpnja, u nedjelju umjesto u subotu! - Turisti\u010dka zajednica grada Visa\" \/>\n<meta property=\"og:description\" content=\"Pridru\u017eite se nezaboravnoj Vi\u0161koj no\u0107i uz koncert Nene Belana &amp; Fiumensa 27. srpnja! O\u010dekuje vas ve\u010der ispunjena hitovima, plesom i vrhunskom atmosferom na otoku Visu. Ulaz slobodan \u2013 ne propustite najve\u0107i ljetni glazbeni doga\u0111aj!\" \/>\n<meta property=\"og:url\" content=\"https:\/\/www.vis-tourism.com\/hr\/kalendar-dogadanja\/neno-belan-fiumens-na-viskoj-noci-glazbeni-spektakl-27-srpnja\/2025-07-27\/\" \/>\n<meta property=\"og:site_name\" content=\"Turisti\u010dka zajednica grada Visa\" \/>\n<meta property=\"article:publisher\" content=\"https:\/\/www.facebook.com\/tzgvis\/\" \/>\n<meta property=\"article:modified_time\" content=\"2025-07-25T13:37:39+00:00\" \/>\n<meta property=\"og:image\" content=\"https:\/\/www.vis-tourism.com\/wp-content\/uploads\/2025\/06\/Event-Facebook-Event-Cover-Rirekisho-A3.png\" \/>\n\t<meta property=\"og:image:width\" content=\"1280\" \/>\n\t<meta property=\"og:image:height\" content=\"905\" \/>\n\t<meta property=\"og:image:type\" content=\"image\/png\" \/>\n<meta name=\"twitter:card\" content=\"summary_large_image\" \/>\n<meta name=\"twitter:label1\" content=\"Procijenjeno vrijeme \u010ditanja\" \/>\n\t<meta name=\"twitter:data1\" content=\"1 minuta\" \/>\n<script type=\"application\/ld+json\" class=\"yoast-schema-graph\">{\"@context\":\"https:\\\/\\\/schema.org\",\"@graph\":[{\"@type\":\"WebPage\",\"@id\":\"https:\\\/\\\/www.vis-tourism.com\\\/hr\\\/kalendar-dogadanja\\\/neno-belan-fiumens-na-viskoj-noci-glazbeni-spektakl-27-srpnja\\\/2025-07-27\\\/\",\"url\":\"https:\\\/\\\/www.vis-tourism.com\\\/hr\\\/kalendar-dogadanja\\\/neno-belan-fiumens-na-viskoj-noci-glazbeni-spektakl-27-srpnja\\\/2025-07-27\\\/\",\"name\":\"Neno Belan & Fiumens na Vi\u0161koj no\u0107i \u2013 27. srpnja, u nedjelju umjesto u subotu! - Turisti\u010dka zajednica grada Visa\",\"isPartOf\":{\"@id\":\"https:\\\/\\\/www.vis-tourism.com\\\/hr\\\/#website\"},\"primaryImageOfPage\":{\"@id\":\"https:\\\/\\\/www.vis-tourism.com\\\/hr\\\/kalendar-dogadanja\\\/neno-belan-fiumens-na-viskoj-noci-glazbeni-spektakl-27-srpnja\\\/2025-07-27\\\/#primaryimage\"},\"image\":{\"@id\":\"https:\\\/\\\/www.vis-tourism.com\\\/hr\\\/kalendar-dogadanja\\\/neno-belan-fiumens-na-viskoj-noci-glazbeni-spektakl-27-srpnja\\\/2025-07-27\\\/#primaryimage\"},\"thumbnailUrl\":\"https:\\\/\\\/www.vis-tourism.com\\\/wp-content\\\/uploads\\\/2025\\\/06\\\/Event-Facebook-Event-Cover-Rirekisho-A3.png\",\"datePublished\":\"2025-06-15T07:50:07+00:00\",\"dateModified\":\"2025-07-25T13:37:39+00:00\",\"description\":\"Pridru\u017eite se nezaboravnoj Vi\u0161koj no\u0107i uz koncert Nene Belana & Fiumensa 27. srpnja! O\u010dekuje vas ve\u010der ispunjena hitovima, plesom i vrhunskom atmosferom na otoku Visu. Ulaz slobodan \u2013 ne propustite najve\u0107i ljetni glazbeni doga\u0111aj!\",\"breadcrumb\":{\"@id\":\"https:\\\/\\\/www.vis-tourism.com\\\/hr\\\/kalendar-dogadanja\\\/neno-belan-fiumens-na-viskoj-noci-glazbeni-spektakl-27-srpnja\\\/2025-07-27\\\/#breadcrumb\"},\"inLanguage\":\"hr\",\"potentialAction\":[{\"@type\":\"ReadAction\",\"target\":[\"https:\\\/\\\/www.vis-tourism.com\\\/hr\\\/kalendar-dogadanja\\\/neno-belan-fiumens-na-viskoj-noci-glazbeni-spektakl-27-srpnja\\\/2025-07-27\\\/\"]}]},{\"@type\":\"ImageObject\",\"inLanguage\":\"hr\",\"@id\":\"https:\\\/\\\/www.vis-tourism.com\\\/hr\\\/kalendar-dogadanja\\\/neno-belan-fiumens-na-viskoj-noci-glazbeni-spektakl-27-srpnja\\\/2025-07-27\\\/#primaryimage\",\"url\":\"https:\\\/\\\/www.vis-tourism.com\\\/wp-content\\\/uploads\\\/2025\\\/06\\\/Event-Facebook-Event-Cover-Rirekisho-A3.png\",\"contentUrl\":\"https:\\\/\\\/www.vis-tourism.com\\\/wp-content\\\/uploads\\\/2025\\\/06\\\/Event-Facebook-Event-Cover-Rirekisho-A3.png\",\"width\":1280,\"height\":905},{\"@type\":\"BreadcrumbList\",\"@id\":\"https:\\\/\\\/www.vis-tourism.com\\\/hr\\\/kalendar-dogadanja\\\/neno-belan-fiumens-na-viskoj-noci-glazbeni-spektakl-27-srpnja\\\/2025-07-27\\\/#breadcrumb\",\"itemListElement\":[{\"@type\":\"ListItem\",\"position\":1,\"name\":\"Home\",\"item\":\"https:\\\/\\\/www.vis-tourism.com\\\/hr\\\/\"},{\"@type\":\"ListItem\",\"position\":2,\"name\":\"Doga\u0111aji\",\"item\":\"https:\\\/\\\/www.vis-tourism.com\\\/hr\\\/kalendar-dogadanja\\\/\"},{\"@type\":\"ListItem\",\"position\":3,\"name\":\"Neno Belan &#038; Fiumens na Vi\u0161koj no\u0107i \u2013 27. srpnja, u nedjelju umjesto u subotu!\"}]},{\"@type\":\"WebSite\",\"@id\":\"https:\\\/\\\/www.vis-tourism.com\\\/hr\\\/#website\",\"url\":\"https:\\\/\\\/www.vis-tourism.com\\\/hr\\\/\",\"name\":\"Turisti\u010dka zajednica grada Visa\",\"description\":\"Slu\u017ebeni portal Turisti\u010dke zajednice Grada Visa, sve informacije o hotelima kampovima, privatnom smje\u0161taju\",\"publisher\":{\"@id\":\"https:\\\/\\\/www.vis-tourism.com\\\/hr\\\/#organization\"},\"potentialAction\":[{\"@type\":\"SearchAction\",\"target\":{\"@type\":\"EntryPoint\",\"urlTemplate\":\"https:\\\/\\\/www.vis-tourism.com\\\/hr\\\/?s={search_term_string}\"},\"query-input\":{\"@type\":\"PropertyValueSpecification\",\"valueRequired\":true,\"valueName\":\"search_term_string\"}}],\"inLanguage\":\"hr\"},{\"@type\":\"Organization\",\"@id\":\"https:\\\/\\\/www.vis-tourism.com\\\/hr\\\/#organization\",\"name\":\"Turisti\u010dke zajednica grada Visa\",\"url\":\"https:\\\/\\\/www.vis-tourism.com\\\/hr\\\/\",\"logo\":{\"@type\":\"ImageObject\",\"inLanguage\":\"hr\",\"@id\":\"https:\\\/\\\/www.vis-tourism.com\\\/hr\\\/#\\\/schema\\\/logo\\\/image\\\/\",\"url\":\"https:\\\/\\\/www.vis-tourism.com\\\/wp-content\\\/uploads\\\/2024\\\/05\\\/tz-vis-logotip.png\",\"contentUrl\":\"https:\\\/\\\/www.vis-tourism.com\\\/wp-content\\\/uploads\\\/2024\\\/05\\\/tz-vis-logotip.png\",\"width\":800,\"height\":378,\"caption\":\"Turisti\u010dke zajednica grada Visa\"},\"image\":{\"@id\":\"https:\\\/\\\/www.vis-tourism.com\\\/hr\\\/#\\\/schema\\\/logo\\\/image\\\/\"},\"sameAs\":[\"https:\\\/\\\/www.facebook.com\\\/tzgvis\\\/\",\"https:\\\/\\\/www.instagram.com\\\/tzgvis\\\/\",\"https:\\\/\\\/www.youtube.com\\\/@VisTourism\"]}]}<\/script>\n<!-- \/ Yoast SEO plugin. -->","yoast_head_json":{"title":"Neno Belan & Fiumens na Vi\u0161koj no\u0107i \u2013 27. srpnja, u nedjelju umjesto u subotu! - Turisti\u010dka zajednica grada Visa","description":"Pridru\u017eite se nezaboravnoj Vi\u0161koj no\u0107i uz koncert Nene Belana & Fiumensa 27. srpnja! O\u010dekuje vas ve\u010der ispunjena hitovima, plesom i vrhunskom atmosferom na otoku Visu. Ulaz slobodan \u2013 ne propustite najve\u0107i ljetni glazbeni doga\u0111aj!","robots":{"index":"index","follow":"follow","max-snippet":"max-snippet:-1","max-image-preview":"max-image-preview:large","max-video-preview":"max-video-preview:-1"},"canonical":"https:\/\/www.vis-tourism.com\/hr\/kalendar-dogadanja\/neno-belan-fiumens-na-viskoj-noci-glazbeni-spektakl-27-srpnja\/2025-07-27\/","og_locale":"hr_HR","og_type":"article","og_title":"Neno Belan & Fiumens na Vi\u0161koj no\u0107i \u2013 27. srpnja, u nedjelju umjesto u subotu! - Turisti\u010dka zajednica grada Visa","og_description":"Pridru\u017eite se nezaboravnoj Vi\u0161koj no\u0107i uz koncert Nene Belana & Fiumensa 27. srpnja! O\u010dekuje vas ve\u010der ispunjena hitovima, plesom i vrhunskom atmosferom na otoku Visu. Ulaz slobodan \u2013 ne propustite najve\u0107i ljetni glazbeni doga\u0111aj!","og_url":"https:\/\/www.vis-tourism.com\/hr\/kalendar-dogadanja\/neno-belan-fiumens-na-viskoj-noci-glazbeni-spektakl-27-srpnja\/2025-07-27\/","og_site_name":"Turisti\u010dka zajednica grada Visa","article_publisher":"https:\/\/www.facebook.com\/tzgvis\/","article_modified_time":"2025-07-25T13:37:39+00:00","og_image":[{"width":1280,"height":905,"url":"https:\/\/www.vis-tourism.com\/wp-content\/uploads\/2025\/06\/Event-Facebook-Event-Cover-Rirekisho-A3.png","type":"image\/png"}],"twitter_card":"summary_large_image","twitter_misc":{"Procijenjeno vrijeme \u010ditanja":"1 minuta"},"schema":{"@context":"https:\/\/schema.org","@graph":[{"@type":"WebPage","@id":"https:\/\/www.vis-tourism.com\/hr\/kalendar-dogadanja\/neno-belan-fiumens-na-viskoj-noci-glazbeni-spektakl-27-srpnja\/2025-07-27\/","url":"https:\/\/www.vis-tourism.com\/hr\/kalendar-dogadanja\/neno-belan-fiumens-na-viskoj-noci-glazbeni-spektakl-27-srpnja\/2025-07-27\/","name":"Neno Belan & Fiumens na Vi\u0161koj no\u0107i \u2013 27. srpnja, u nedjelju umjesto u subotu! - Turisti\u010dka zajednica grada Visa","isPartOf":{"@id":"https:\/\/www.vis-tourism.com\/hr\/#website"},"primaryImageOfPage":{"@id":"https:\/\/www.vis-tourism.com\/hr\/kalendar-dogadanja\/neno-belan-fiumens-na-viskoj-noci-glazbeni-spektakl-27-srpnja\/2025-07-27\/#primaryimage"},"image":{"@id":"https:\/\/www.vis-tourism.com\/hr\/kalendar-dogadanja\/neno-belan-fiumens-na-viskoj-noci-glazbeni-spektakl-27-srpnja\/2025-07-27\/#primaryimage"},"thumbnailUrl":"https:\/\/www.vis-tourism.com\/wp-content\/uploads\/2025\/06\/Event-Facebook-Event-Cover-Rirekisho-A3.png","datePublished":"2025-06-15T07:50:07+00:00","dateModified":"2025-07-25T13:37:39+00:00","description":"Pridru\u017eite se nezaboravnoj Vi\u0161koj no\u0107i uz koncert Nene Belana & Fiumensa 27. srpnja! O\u010dekuje vas ve\u010der ispunjena hitovima, plesom i vrhunskom atmosferom na otoku Visu. Ulaz slobodan \u2013 ne propustite najve\u0107i ljetni glazbeni doga\u0111aj!","breadcrumb":{"@id":"https:\/\/www.vis-tourism.com\/hr\/kalendar-dogadanja\/neno-belan-fiumens-na-viskoj-noci-glazbeni-spektakl-27-srpnja\/2025-07-27\/#breadcrumb"},"inLanguage":"hr","potentialAction":[{"@type":"ReadAction","target":["https:\/\/www.vis-tourism.com\/hr\/kalendar-dogadanja\/neno-belan-fiumens-na-viskoj-noci-glazbeni-spektakl-27-srpnja\/2025-07-27\/"]}]},{"@type":"ImageObject","inLanguage":"hr","@id":"https:\/\/www.vis-tourism.com\/hr\/kalendar-dogadanja\/neno-belan-fiumens-na-viskoj-noci-glazbeni-spektakl-27-srpnja\/2025-07-27\/#primaryimage","url":"https:\/\/www.vis-tourism.com\/wp-content\/uploads\/2025\/06\/Event-Facebook-Event-Cover-Rirekisho-A3.png","contentUrl":"https:\/\/www.vis-tourism.com\/wp-content\/uploads\/2025\/06\/Event-Facebook-Event-Cover-Rirekisho-A3.png","width":1280,"height":905},{"@type":"BreadcrumbList","@id":"https:\/\/www.vis-tourism.com\/hr\/kalendar-dogadanja\/neno-belan-fiumens-na-viskoj-noci-glazbeni-spektakl-27-srpnja\/2025-07-27\/#breadcrumb","itemListElement":[{"@type":"ListItem","position":1,"name":"Home","item":"https:\/\/www.vis-tourism.com\/hr\/"},{"@type":"ListItem","position":2,"name":"Doga\u0111aji","item":"https:\/\/www.vis-tourism.com\/hr\/kalendar-dogadanja\/"},{"@type":"ListItem","position":3,"name":"Neno Belan &#038; Fiumens na Vi\u0161koj no\u0107i \u2013 27. srpnja, u nedjelju umjesto u subotu!"}]},{"@type":"WebSite","@id":"https:\/\/www.vis-tourism.com\/hr\/#website","url":"https:\/\/www.vis-tourism.com\/hr\/","name":"Turisti\u010dka zajednica grada Visa","description":"Slu\u017ebeni portal Turisti\u010dke zajednice Grada Visa, sve informacije o hotelima kampovima, privatnom smje\u0161taju","publisher":{"@id":"https:\/\/www.vis-tourism.com\/hr\/#organization"},"potentialAction":[{"@type":"SearchAction","target":{"@type":"EntryPoint","urlTemplate":"https:\/\/www.vis-tourism.com\/hr\/?s={search_term_string}"},"query-input":{"@type":"PropertyValueSpecification","valueRequired":true,"valueName":"search_term_string"}}],"inLanguage":"hr"},{"@type":"Organization","@id":"https:\/\/www.vis-tourism.com\/hr\/#organization","name":"Turisti\u010dke zajednica grada Visa","url":"https:\/\/www.vis-tourism.com\/hr\/","logo":{"@type":"ImageObject","inLanguage":"hr","@id":"https:\/\/www.vis-tourism.com\/hr\/#\/schema\/logo\/image\/","url":"https:\/\/www.vis-tourism.com\/wp-content\/uploads\/2024\/05\/tz-vis-logotip.png","contentUrl":"https:\/\/www.vis-tourism.com\/wp-content\/uploads\/2024\/05\/tz-vis-logotip.png","width":800,"height":378,"caption":"Turisti\u010dke zajednica grada Visa"},"image":{"@id":"https:\/\/www.vis-tourism.com\/hr\/#\/schema\/logo\/image\/"},"sameAs":["https:\/\/www.facebook.com\/tzgvis\/","https:\/\/www.instagram.com\/tzgvis\/","https:\/\/www.youtube.com\/@VisTourism"]}]}},"_links":{"self":[{"href":"https:\/\/www.vis-tourism.com\/hr\/wp-json\/wp\/v2\/tribe_events\/10006766","targetHints":{"allow":["GET"]}}],"collection":[{"href":"https:\/\/www.vis-tourism.com\/hr\/wp-json\/wp\/v2\/tribe_events"}],"about":[{"href":"https:\/\/www.vis-tourism.com\/hr\/wp-json\/wp\/v2\/types\/tribe_events"}],"author":[{"embeddable":true,"href":"https:\/\/www.vis-tourism.com\/hr\/wp-json\/wp\/v2\/users\/1"}],"version-history":[{"count":0,"href":"https:\/\/www.vis-tourism.com\/hr\/wp-json\/wp\/v2\/tribe_events\/10006766\/revisions"}],"wp:featuredmedia":[{"embeddable":true,"href":"https:\/\/www.vis-tourism.com\/hr\/wp-json\/wp\/v2\/media\/8729"}],"wp:attachment":[{"href":"https:\/\/www.vis-tourism.com\/hr\/wp-json\/wp\/v2\/media?parent=10006766"}],"wp:term":[{"taxonomy":"post_tag","embeddable":true,"href":"https:\/\/www.vis-tourism.com\/hr\/wp-json\/wp\/v2\/tags?post=10006766"},{"taxonomy":"tribe_events_cat","embeddable":true,"href":"https:\/\/www.vis-tourism.com\/hr\/wp-json\/wp\/v2\/tribe_events_cat?post=10006766"}],"curies":[{"name":"wp","href":"https:\/\/api.w.org\/{rel}","templated":true}]}}