{"id":8342,"date":"2025-06-15T12:27:31","date_gmt":"2025-06-15T12:27:31","guid":{"rendered":"https:\/\/www.vis-tourism.com\/?post_type=tribe_events&#038;p=8342"},"modified":"2025-06-28T17:08:48","modified_gmt":"2025-06-28T17:08:48","slug":"nenad-grahovac-jazz-band-melun-kvartet-davor-dolezal-quartet-vis-jazz-festival","status":"publish","type":"tribe_events","link":"https:\/\/www.vis-tourism.com\/hr\/kalendar-dogadanja\/nenad-grahovac-jazz-band-melun-kvartet-davor-dolezal-quartet-vis-jazz-festival\/","title":{"rendered":"Nenad Grahovac Jazz Band, Melun Kvartet &#038; Davor Dole\u017eal Quartet \u2013 Vis Jazz Festival"},"content":{"rendered":"<p class=\"my-0\"><strong>Nenad Grahovac<\/strong> izniman je trombonist, porijeklom Vi\u0161anin i \u010dlan poznatog afro-kubanskog sastava Cubismo. Tijekom karijere sura\u0111ivao je s glazbenicima iz Buena Vista Social Cluba i Afro-Cuban All Starsa. Na festivalu nastupa s lokalnim glazbenicima u sklopu Nenad Grahovac Jazz Banda, s kojima ljeti redovito izvodi koncerte.<\/p>\n<p class=\"my-0\"><strong>Melun Kvartet<\/strong> dolazi iz Vara\u017edina, a okuplja glazbenike koji su zajedno zapo\u010deli glazbeni put u Glazbenoj \u0161koli Vara\u017edin. Svaki \u010dlan sastava autor je originalnih kompozicija, a publika \u0107e imati priliku \u010duti i odabrane jazz standarde. Njihov glazbeni izri\u010daj oblikovan je bogatim iskustvom \u010dlanova \u2013 neki su pedagozi, akademski glumci i \u010dlanovi svjetski poznatih orkestara<span class=\"whitespace-nowrap\">.<\/span><\/p>\n<p class=\"my-0\"><strong>Davor Dole\u017eal Quartet<\/strong> djeluje na na\u010delima kolektivne improvizacije, inspiriran pristupom Milesa Davisa iz 60-ih. Glazba kvinteta prirodno zalazi u suvremenije krajolike poput neo soula, hip hopa i jazz funka. Stilski raspon obuhva\u0107a bossa novu, balade, bebop i jazz valcere, stvaraju\u0107i uzbudljivu i \u017eivu glazbenu pri\u010du.<\/p>\n","protected":false},"excerpt":{"rendered":"<p>Nenad Grahovac izniman je trombonist, porijeklom Vi\u0161anin i \u010dlan poznatog afro-kubanskog sastava Cubismo. Tijekom karijere sura\u0111ivao je s glazbenicima iz Buena Vista Social Cluba i Afro-Cuban All Starsa. Na festivalu [&hellip;]<\/p>\n","protected":false},"author":1,"featured_media":8481,"template":"","meta":{"_tribe_events_status":"","_tribe_events_status_reason":"","_tribe_events_is_hybrid":"","_tribe_events_is_virtual":"","_tribe_events_virtual_video_source":"","_tribe_events_virtual_embed_video":"","_tribe_events_virtual_linked_button_text":"","_tribe_events_virtual_linked_button":"","_tribe_events_virtual_show_embed_at":"","_tribe_events_virtual_show_embed_to":[],"_tribe_events_virtual_show_on_event":"","_tribe_events_virtual_show_on_views":"","_tribe_events_virtual_url":"","footnotes":""},"tags":[],"tribe_events_cat":[272],"class_list":["post-8342","tribe_events","type-tribe_events","status-publish","has-post-thumbnail","hentry","tribe_events_cat-koncert","cat_koncert"],"yoast_head":"<!-- This site is optimized with the Yoast SEO plugin v27.4 - https:\/\/yoast.com\/product\/yoast-seo-wordpress\/ -->\n<title>Nenad Grahovac Jazz Band, Melun Kvartet &amp; Davor Dole\u017eal Quartet \u2013 Vis Jazz Festival - Turisti\u010dka zajednica grada Visa<\/title>\n<meta name=\"description\" content=\"U\u017eivajte u nastupu Nenada Grahovca, iznimnog trombonista iz Cubisma, Melun Kvarteta iz Vara\u017edina poznatog po autorskim kompozicijama i jazz standardima, te Davor Dole\u017eal Quarteta koji donosi suvremeni jazz s elementima neo soula, hip hopa i funka.\" \/>\n<meta name=\"robots\" content=\"index, follow, max-snippet:-1, max-image-preview:large, max-video-preview:-1\" \/>\n<link rel=\"canonical\" href=\"https:\/\/www.vis-tourism.com\/hr\/kalendar-dogadanja\/nenad-grahovac-jazz-band-melun-kvartet-davor-dolezal-quartet-vis-jazz-festival\/\" \/>\n<meta property=\"og:locale\" content=\"hr_HR\" \/>\n<meta property=\"og:type\" content=\"article\" \/>\n<meta property=\"og:title\" content=\"Nenad Grahovac Jazz Band, Melun Kvartet &amp; Davor Dole\u017eal Quartet \u2013 Vis Jazz Festival - Turisti\u010dka zajednica grada Visa\" \/>\n<meta property=\"og:description\" content=\"U\u017eivajte u nastupu Nenada Grahovca, iznimnog trombonista iz Cubisma, Melun Kvarteta iz Vara\u017edina poznatog po autorskim kompozicijama i jazz standardima, te Davor Dole\u017eal Quarteta koji donosi suvremeni jazz s elementima neo soula, hip hopa i funka.\" \/>\n<meta property=\"og:url\" content=\"https:\/\/www.vis-tourism.com\/hr\/kalendar-dogadanja\/nenad-grahovac-jazz-band-melun-kvartet-davor-dolezal-quartet-vis-jazz-festival\/\" \/>\n<meta property=\"og:site_name\" content=\"Turisti\u010dka zajednica grada Visa\" \/>\n<meta property=\"article:publisher\" content=\"https:\/\/www.facebook.com\/tzgvis\/\" \/>\n<meta property=\"article:modified_time\" content=\"2025-06-28T17:08:48+00:00\" \/>\n<meta property=\"og:image\" content=\"https:\/\/www.vis-tourism.com\/wp-content\/uploads\/2025\/06\/4.png\" \/>\n\t<meta property=\"og:image:width\" content=\"1280\" \/>\n\t<meta property=\"og:image:height\" content=\"720\" \/>\n\t<meta property=\"og:image:type\" content=\"image\/png\" \/>\n<meta name=\"twitter:card\" content=\"summary_large_image\" \/>\n<meta name=\"twitter:label1\" content=\"Procijenjeno vrijeme \u010ditanja\" \/>\n\t<meta name=\"twitter:data1\" content=\"1 minuta\" \/>\n<script type=\"application\/ld+json\" class=\"yoast-schema-graph\">{\"@context\":\"https:\\\/\\\/schema.org\",\"@graph\":[{\"@type\":\"WebPage\",\"@id\":\"https:\\\/\\\/www.vis-tourism.com\\\/hr\\\/kalendar-dogadanja\\\/nenad-grahovac-jazz-band-melun-kvartet-davor-dolezal-quartet-vis-jazz-festival\\\/\",\"url\":\"https:\\\/\\\/www.vis-tourism.com\\\/hr\\\/kalendar-dogadanja\\\/nenad-grahovac-jazz-band-melun-kvartet-davor-dolezal-quartet-vis-jazz-festival\\\/\",\"name\":\"Nenad Grahovac Jazz Band, Melun Kvartet & Davor Dole\u017eal Quartet \u2013 Vis Jazz Festival - Turisti\u010dka zajednica grada Visa\",\"isPartOf\":{\"@id\":\"https:\\\/\\\/www.vis-tourism.com\\\/hr\\\/#website\"},\"primaryImageOfPage\":{\"@id\":\"https:\\\/\\\/www.vis-tourism.com\\\/hr\\\/kalendar-dogadanja\\\/nenad-grahovac-jazz-band-melun-kvartet-davor-dolezal-quartet-vis-jazz-festival\\\/#primaryimage\"},\"image\":{\"@id\":\"https:\\\/\\\/www.vis-tourism.com\\\/hr\\\/kalendar-dogadanja\\\/nenad-grahovac-jazz-band-melun-kvartet-davor-dolezal-quartet-vis-jazz-festival\\\/#primaryimage\"},\"thumbnailUrl\":\"https:\\\/\\\/www.vis-tourism.com\\\/wp-content\\\/uploads\\\/2025\\\/06\\\/4.png\",\"datePublished\":\"2025-06-15T12:27:31+00:00\",\"dateModified\":\"2025-06-28T17:08:48+00:00\",\"description\":\"U\u017eivajte u nastupu Nenada Grahovca, iznimnog trombonista iz Cubisma, Melun Kvarteta iz Vara\u017edina poznatog po autorskim kompozicijama i jazz standardima, te Davor Dole\u017eal Quarteta koji donosi suvremeni jazz s elementima neo soula, hip hopa i funka.\",\"breadcrumb\":{\"@id\":\"https:\\\/\\\/www.vis-tourism.com\\\/hr\\\/kalendar-dogadanja\\\/nenad-grahovac-jazz-band-melun-kvartet-davor-dolezal-quartet-vis-jazz-festival\\\/#breadcrumb\"},\"inLanguage\":\"hr\",\"potentialAction\":[{\"@type\":\"ReadAction\",\"target\":[\"https:\\\/\\\/www.vis-tourism.com\\\/hr\\\/kalendar-dogadanja\\\/nenad-grahovac-jazz-band-melun-kvartet-davor-dolezal-quartet-vis-jazz-festival\\\/\"]}]},{\"@type\":\"ImageObject\",\"inLanguage\":\"hr\",\"@id\":\"https:\\\/\\\/www.vis-tourism.com\\\/hr\\\/kalendar-dogadanja\\\/nenad-grahovac-jazz-band-melun-kvartet-davor-dolezal-quartet-vis-jazz-festival\\\/#primaryimage\",\"url\":\"https:\\\/\\\/www.vis-tourism.com\\\/wp-content\\\/uploads\\\/2025\\\/06\\\/4.png\",\"contentUrl\":\"https:\\\/\\\/www.vis-tourism.com\\\/wp-content\\\/uploads\\\/2025\\\/06\\\/4.png\",\"width\":1280,\"height\":720},{\"@type\":\"BreadcrumbList\",\"@id\":\"https:\\\/\\\/www.vis-tourism.com\\\/hr\\\/kalendar-dogadanja\\\/nenad-grahovac-jazz-band-melun-kvartet-davor-dolezal-quartet-vis-jazz-festival\\\/#breadcrumb\",\"itemListElement\":[{\"@type\":\"ListItem\",\"position\":1,\"name\":\"Home\",\"item\":\"https:\\\/\\\/www.vis-tourism.com\\\/hr\\\/\"},{\"@type\":\"ListItem\",\"position\":2,\"name\":\"Doga\u0111aji\",\"item\":\"https:\\\/\\\/www.vis-tourism.com\\\/hr\\\/kalendar-dogadanja\\\/\"},{\"@type\":\"ListItem\",\"position\":3,\"name\":\"Nenad Grahovac Jazz Band, Melun Kvartet &#038; Davor Dole\u017eal Quartet \u2013 Vis Jazz Festival\"}]},{\"@type\":\"WebSite\",\"@id\":\"https:\\\/\\\/www.vis-tourism.com\\\/hr\\\/#website\",\"url\":\"https:\\\/\\\/www.vis-tourism.com\\\/hr\\\/\",\"name\":\"Turisti\u010dka zajednica grada Visa\",\"description\":\"Slu\u017ebeni portal Turisti\u010dke zajednice Grada Visa, sve informacije o hotelima kampovima, privatnom smje\u0161taju\",\"publisher\":{\"@id\":\"https:\\\/\\\/www.vis-tourism.com\\\/hr\\\/#organization\"},\"potentialAction\":[{\"@type\":\"SearchAction\",\"target\":{\"@type\":\"EntryPoint\",\"urlTemplate\":\"https:\\\/\\\/www.vis-tourism.com\\\/hr\\\/?s={search_term_string}\"},\"query-input\":{\"@type\":\"PropertyValueSpecification\",\"valueRequired\":true,\"valueName\":\"search_term_string\"}}],\"inLanguage\":\"hr\"},{\"@type\":\"Organization\",\"@id\":\"https:\\\/\\\/www.vis-tourism.com\\\/hr\\\/#organization\",\"name\":\"Turisti\u010dke zajednica grada Visa\",\"url\":\"https:\\\/\\\/www.vis-tourism.com\\\/hr\\\/\",\"logo\":{\"@type\":\"ImageObject\",\"inLanguage\":\"hr\",\"@id\":\"https:\\\/\\\/www.vis-tourism.com\\\/hr\\\/#\\\/schema\\\/logo\\\/image\\\/\",\"url\":\"https:\\\/\\\/www.vis-tourism.com\\\/wp-content\\\/uploads\\\/2024\\\/05\\\/tz-vis-logotip.png\",\"contentUrl\":\"https:\\\/\\\/www.vis-tourism.com\\\/wp-content\\\/uploads\\\/2024\\\/05\\\/tz-vis-logotip.png\",\"width\":800,\"height\":378,\"caption\":\"Turisti\u010dke zajednica grada Visa\"},\"image\":{\"@id\":\"https:\\\/\\\/www.vis-tourism.com\\\/hr\\\/#\\\/schema\\\/logo\\\/image\\\/\"},\"sameAs\":[\"https:\\\/\\\/www.facebook.com\\\/tzgvis\\\/\",\"https:\\\/\\\/www.instagram.com\\\/tzgvis\\\/\",\"https:\\\/\\\/www.youtube.com\\\/@VisTourism\"]}]}<\/script>\n<!-- \/ Yoast SEO plugin. -->","yoast_head_json":{"title":"Nenad Grahovac Jazz Band, Melun Kvartet & Davor Dole\u017eal Quartet \u2013 Vis Jazz Festival - Turisti\u010dka zajednica grada Visa","description":"U\u017eivajte u nastupu Nenada Grahovca, iznimnog trombonista iz Cubisma, Melun Kvarteta iz Vara\u017edina poznatog po autorskim kompozicijama i jazz standardima, te Davor Dole\u017eal Quarteta koji donosi suvremeni jazz s elementima neo soula, hip hopa i funka.","robots":{"index":"index","follow":"follow","max-snippet":"max-snippet:-1","max-image-preview":"max-image-preview:large","max-video-preview":"max-video-preview:-1"},"canonical":"https:\/\/www.vis-tourism.com\/hr\/kalendar-dogadanja\/nenad-grahovac-jazz-band-melun-kvartet-davor-dolezal-quartet-vis-jazz-festival\/","og_locale":"hr_HR","og_type":"article","og_title":"Nenad Grahovac Jazz Band, Melun Kvartet & Davor Dole\u017eal Quartet \u2013 Vis Jazz Festival - Turisti\u010dka zajednica grada Visa","og_description":"U\u017eivajte u nastupu Nenada Grahovca, iznimnog trombonista iz Cubisma, Melun Kvarteta iz Vara\u017edina poznatog po autorskim kompozicijama i jazz standardima, te Davor Dole\u017eal Quarteta koji donosi suvremeni jazz s elementima neo soula, hip hopa i funka.","og_url":"https:\/\/www.vis-tourism.com\/hr\/kalendar-dogadanja\/nenad-grahovac-jazz-band-melun-kvartet-davor-dolezal-quartet-vis-jazz-festival\/","og_site_name":"Turisti\u010dka zajednica grada Visa","article_publisher":"https:\/\/www.facebook.com\/tzgvis\/","article_modified_time":"2025-06-28T17:08:48+00:00","og_image":[{"width":1280,"height":720,"url":"https:\/\/www.vis-tourism.com\/wp-content\/uploads\/2025\/06\/4.png","type":"image\/png"}],"twitter_card":"summary_large_image","twitter_misc":{"Procijenjeno vrijeme \u010ditanja":"1 minuta"},"schema":{"@context":"https:\/\/schema.org","@graph":[{"@type":"WebPage","@id":"https:\/\/www.vis-tourism.com\/hr\/kalendar-dogadanja\/nenad-grahovac-jazz-band-melun-kvartet-davor-dolezal-quartet-vis-jazz-festival\/","url":"https:\/\/www.vis-tourism.com\/hr\/kalendar-dogadanja\/nenad-grahovac-jazz-band-melun-kvartet-davor-dolezal-quartet-vis-jazz-festival\/","name":"Nenad Grahovac Jazz Band, Melun Kvartet & Davor Dole\u017eal Quartet \u2013 Vis Jazz Festival - Turisti\u010dka zajednica grada Visa","isPartOf":{"@id":"https:\/\/www.vis-tourism.com\/hr\/#website"},"primaryImageOfPage":{"@id":"https:\/\/www.vis-tourism.com\/hr\/kalendar-dogadanja\/nenad-grahovac-jazz-band-melun-kvartet-davor-dolezal-quartet-vis-jazz-festival\/#primaryimage"},"image":{"@id":"https:\/\/www.vis-tourism.com\/hr\/kalendar-dogadanja\/nenad-grahovac-jazz-band-melun-kvartet-davor-dolezal-quartet-vis-jazz-festival\/#primaryimage"},"thumbnailUrl":"https:\/\/www.vis-tourism.com\/wp-content\/uploads\/2025\/06\/4.png","datePublished":"2025-06-15T12:27:31+00:00","dateModified":"2025-06-28T17:08:48+00:00","description":"U\u017eivajte u nastupu Nenada Grahovca, iznimnog trombonista iz Cubisma, Melun Kvarteta iz Vara\u017edina poznatog po autorskim kompozicijama i jazz standardima, te Davor Dole\u017eal Quarteta koji donosi suvremeni jazz s elementima neo soula, hip hopa i funka.","breadcrumb":{"@id":"https:\/\/www.vis-tourism.com\/hr\/kalendar-dogadanja\/nenad-grahovac-jazz-band-melun-kvartet-davor-dolezal-quartet-vis-jazz-festival\/#breadcrumb"},"inLanguage":"hr","potentialAction":[{"@type":"ReadAction","target":["https:\/\/www.vis-tourism.com\/hr\/kalendar-dogadanja\/nenad-grahovac-jazz-band-melun-kvartet-davor-dolezal-quartet-vis-jazz-festival\/"]}]},{"@type":"ImageObject","inLanguage":"hr","@id":"https:\/\/www.vis-tourism.com\/hr\/kalendar-dogadanja\/nenad-grahovac-jazz-band-melun-kvartet-davor-dolezal-quartet-vis-jazz-festival\/#primaryimage","url":"https:\/\/www.vis-tourism.com\/wp-content\/uploads\/2025\/06\/4.png","contentUrl":"https:\/\/www.vis-tourism.com\/wp-content\/uploads\/2025\/06\/4.png","width":1280,"height":720},{"@type":"BreadcrumbList","@id":"https:\/\/www.vis-tourism.com\/hr\/kalendar-dogadanja\/nenad-grahovac-jazz-band-melun-kvartet-davor-dolezal-quartet-vis-jazz-festival\/#breadcrumb","itemListElement":[{"@type":"ListItem","position":1,"name":"Home","item":"https:\/\/www.vis-tourism.com\/hr\/"},{"@type":"ListItem","position":2,"name":"Doga\u0111aji","item":"https:\/\/www.vis-tourism.com\/hr\/kalendar-dogadanja\/"},{"@type":"ListItem","position":3,"name":"Nenad Grahovac Jazz Band, Melun Kvartet &#038; Davor Dole\u017eal Quartet \u2013 Vis Jazz Festival"}]},{"@type":"WebSite","@id":"https:\/\/www.vis-tourism.com\/hr\/#website","url":"https:\/\/www.vis-tourism.com\/hr\/","name":"Turisti\u010dka zajednica grada Visa","description":"Slu\u017ebeni portal Turisti\u010dke zajednice Grada Visa, sve informacije o hotelima kampovima, privatnom smje\u0161taju","publisher":{"@id":"https:\/\/www.vis-tourism.com\/hr\/#organization"},"potentialAction":[{"@type":"SearchAction","target":{"@type":"EntryPoint","urlTemplate":"https:\/\/www.vis-tourism.com\/hr\/?s={search_term_string}"},"query-input":{"@type":"PropertyValueSpecification","valueRequired":true,"valueName":"search_term_string"}}],"inLanguage":"hr"},{"@type":"Organization","@id":"https:\/\/www.vis-tourism.com\/hr\/#organization","name":"Turisti\u010dke zajednica grada Visa","url":"https:\/\/www.vis-tourism.com\/hr\/","logo":{"@type":"ImageObject","inLanguage":"hr","@id":"https:\/\/www.vis-tourism.com\/hr\/#\/schema\/logo\/image\/","url":"https:\/\/www.vis-tourism.com\/wp-content\/uploads\/2024\/05\/tz-vis-logotip.png","contentUrl":"https:\/\/www.vis-tourism.com\/wp-content\/uploads\/2024\/05\/tz-vis-logotip.png","width":800,"height":378,"caption":"Turisti\u010dke zajednica grada Visa"},"image":{"@id":"https:\/\/www.vis-tourism.com\/hr\/#\/schema\/logo\/image\/"},"sameAs":["https:\/\/www.facebook.com\/tzgvis\/","https:\/\/www.instagram.com\/tzgvis\/","https:\/\/www.youtube.com\/@VisTourism"]}]}},"_links":{"self":[{"href":"https:\/\/www.vis-tourism.com\/hr\/wp-json\/wp\/v2\/tribe_events\/8342","targetHints":{"allow":["GET"]}}],"collection":[{"href":"https:\/\/www.vis-tourism.com\/hr\/wp-json\/wp\/v2\/tribe_events"}],"about":[{"href":"https:\/\/www.vis-tourism.com\/hr\/wp-json\/wp\/v2\/types\/tribe_events"}],"author":[{"embeddable":true,"href":"https:\/\/www.vis-tourism.com\/hr\/wp-json\/wp\/v2\/users\/1"}],"version-history":[{"count":2,"href":"https:\/\/www.vis-tourism.com\/hr\/wp-json\/wp\/v2\/tribe_events\/8342\/revisions"}],"predecessor-version":[{"id":8384,"href":"https:\/\/www.vis-tourism.com\/hr\/wp-json\/wp\/v2\/tribe_events\/8342\/revisions\/8384"}],"wp:featuredmedia":[{"embeddable":true,"href":"https:\/\/www.vis-tourism.com\/hr\/wp-json\/wp\/v2\/media\/8481"}],"wp:attachment":[{"href":"https:\/\/www.vis-tourism.com\/hr\/wp-json\/wp\/v2\/media?parent=8342"}],"wp:term":[{"taxonomy":"post_tag","embeddable":true,"href":"https:\/\/www.vis-tourism.com\/hr\/wp-json\/wp\/v2\/tags?post=8342"},{"taxonomy":"tribe_events_cat","embeddable":true,"href":"https:\/\/www.vis-tourism.com\/hr\/wp-json\/wp\/v2\/tribe_events_cat?post=8342"}],"curies":[{"name":"wp","href":"https:\/\/api.w.org\/{rel}","templated":true}]}}