{"id":8405,"date":"2025-06-21T04:18:28","date_gmt":"2025-06-21T04:18:28","guid":{"rendered":"https:\/\/www.vis-tourism.com\/?post_type=tribe_events&#038;p=8405"},"modified":"2025-07-01T07:44:42","modified_gmt":"2025-07-01T07:44:42","slug":"t-b-f-live-na-visu","status":"publish","type":"tribe_events","link":"https:\/\/www.vis-tourism.com\/hr\/kalendar-dogadanja\/t-b-f-live-na-visu\/","title":{"rendered":"T.B.F. Live koncert na Visu"},"content":{"rendered":"<p>Lito na Visu mo\u017ee i slu\u017ebeno po\u010deti!<br \/>\nOtvaranje Vi\u0161kog ljeta 2025 obilje\u017eit \u0107e nastup TBF-a, benda poznatog po izuzetnoj energiji, originalnim tekstovima i prepoznatljivom splitskom duhu. Pripremite se za ve\u010der ispunjenu hitovima poput \u201cAlles Gut\u201d, \u201cFantasti\u010dna\u201d, \u201cNostalgi\u010dna\u201d i \u201cSmak svita&#8221;.<\/p>\n<p>Pozivamo vas da 1. srpnja do\u017eivite posebnu ve\u010der!<\/p>\n","protected":false},"excerpt":{"rendered":"<p>Lito na Visu mo\u017ee i slu\u017ebeno po\u010deti! Otvaranje Vi\u0161kog ljeta 2025 obilje\u017eit \u0107e nastup TBF-a, benda poznatog po izuzetnoj energiji, originalnim tekstovima i prepoznatljivom splitskom duhu. Pripremite se za ve\u010der [&hellip;]<\/p>\n","protected":false},"author":1,"featured_media":8484,"template":"","meta":{"_tribe_events_status":"","_tribe_events_status_reason":"","_tribe_events_is_hybrid":"","_tribe_events_is_virtual":"","_tribe_events_virtual_video_source":"","_tribe_events_virtual_embed_video":"","_tribe_events_virtual_linked_button_text":"","_tribe_events_virtual_linked_button":"","_tribe_events_virtual_show_embed_at":"","_tribe_events_virtual_show_embed_to":[],"_tribe_events_virtual_show_on_event":"","_tribe_events_virtual_show_on_views":"","_tribe_events_virtual_url":"","footnotes":""},"tags":[],"tribe_events_cat":[272],"class_list":["post-8405","tribe_events","type-tribe_events","status-publish","has-post-thumbnail","hentry","tribe_events_cat-koncert","cat_koncert"],"yoast_head":"<!-- This site is optimized with the Yoast SEO plugin v27.4 - https:\/\/yoast.com\/product\/yoast-seo-wordpress\/ -->\n<title>T.B.F. Live koncert na Visu - Turisti\u010dka zajednica grada Visa<\/title>\n<meta name=\"description\" content=\"Pripremite se za glazbeni spektakl ljeta! TBF dolazi na Vis s energi\u010dnim live nastupom 1. srpnja. U\u017eivajte u hitovima \u201cAlles Gut\u201d, \u201cFantasti\u010dna\u201d, \u201cNostalgi\u010dna\u201d i \u201cSmak svita\u201d u jedinstvenoj atmosferi otoka. Ne propustite priliku za nezaboravnu ve\u010der!\" \/>\n<meta name=\"robots\" content=\"index, follow, max-snippet:-1, max-image-preview:large, max-video-preview:-1\" \/>\n<link rel=\"canonical\" href=\"https:\/\/www.vis-tourism.com\/hr\/kalendar-dogadanja\/t-b-f-live-na-visu\/\" \/>\n<meta property=\"og:locale\" content=\"hr_HR\" \/>\n<meta property=\"og:type\" content=\"article\" \/>\n<meta property=\"og:title\" content=\"T.B.F. Live koncert na Visu - Turisti\u010dka zajednica grada Visa\" \/>\n<meta property=\"og:description\" content=\"Pripremite se za glazbeni spektakl ljeta! TBF dolazi na Vis s energi\u010dnim live nastupom 1. srpnja. U\u017eivajte u hitovima \u201cAlles Gut\u201d, \u201cFantasti\u010dna\u201d, \u201cNostalgi\u010dna\u201d i \u201cSmak svita\u201d u jedinstvenoj atmosferi otoka. Ne propustite priliku za nezaboravnu ve\u010der!\" \/>\n<meta property=\"og:url\" content=\"https:\/\/www.vis-tourism.com\/hr\/kalendar-dogadanja\/t-b-f-live-na-visu\/\" \/>\n<meta property=\"og:site_name\" content=\"Turisti\u010dka zajednica grada Visa\" \/>\n<meta property=\"article:publisher\" content=\"https:\/\/www.facebook.com\/tzgvis\/\" \/>\n<meta property=\"article:modified_time\" content=\"2025-07-01T07:44:42+00:00\" \/>\n<meta property=\"og:image\" content=\"https:\/\/www.vis-tourism.com\/wp-content\/uploads\/2025\/06\/Event-Facebook-Event-Cover.png\" \/>\n\t<meta property=\"og:image:width\" content=\"1280\" \/>\n\t<meta property=\"og:image:height\" content=\"720\" \/>\n\t<meta property=\"og:image:type\" content=\"image\/png\" \/>\n<meta name=\"twitter:card\" content=\"summary_large_image\" \/>\n<meta name=\"twitter:label1\" content=\"Procijenjeno vrijeme \u010ditanja\" \/>\n\t<meta name=\"twitter:data1\" content=\"1 minuta\" \/>\n<script type=\"application\/ld+json\" class=\"yoast-schema-graph\">{\"@context\":\"https:\\\/\\\/schema.org\",\"@graph\":[{\"@type\":\"WebPage\",\"@id\":\"https:\\\/\\\/www.vis-tourism.com\\\/hr\\\/kalendar-dogadanja\\\/t-b-f-live-na-visu\\\/\",\"url\":\"https:\\\/\\\/www.vis-tourism.com\\\/hr\\\/kalendar-dogadanja\\\/t-b-f-live-na-visu\\\/\",\"name\":\"T.B.F. Live koncert na Visu - Turisti\u010dka zajednica grada Visa\",\"isPartOf\":{\"@id\":\"https:\\\/\\\/www.vis-tourism.com\\\/hr\\\/#website\"},\"primaryImageOfPage\":{\"@id\":\"https:\\\/\\\/www.vis-tourism.com\\\/hr\\\/kalendar-dogadanja\\\/t-b-f-live-na-visu\\\/#primaryimage\"},\"image\":{\"@id\":\"https:\\\/\\\/www.vis-tourism.com\\\/hr\\\/kalendar-dogadanja\\\/t-b-f-live-na-visu\\\/#primaryimage\"},\"thumbnailUrl\":\"https:\\\/\\\/www.vis-tourism.com\\\/wp-content\\\/uploads\\\/2025\\\/06\\\/Event-Facebook-Event-Cover.png\",\"datePublished\":\"2025-06-21T04:18:28+00:00\",\"dateModified\":\"2025-07-01T07:44:42+00:00\",\"description\":\"Pripremite se za glazbeni spektakl ljeta! TBF dolazi na Vis s energi\u010dnim live nastupom 1. srpnja. U\u017eivajte u hitovima \u201cAlles Gut\u201d, \u201cFantasti\u010dna\u201d, \u201cNostalgi\u010dna\u201d i \u201cSmak svita\u201d u jedinstvenoj atmosferi otoka. Ne propustite priliku za nezaboravnu ve\u010der!\",\"breadcrumb\":{\"@id\":\"https:\\\/\\\/www.vis-tourism.com\\\/hr\\\/kalendar-dogadanja\\\/t-b-f-live-na-visu\\\/#breadcrumb\"},\"inLanguage\":\"hr\",\"potentialAction\":[{\"@type\":\"ReadAction\",\"target\":[\"https:\\\/\\\/www.vis-tourism.com\\\/hr\\\/kalendar-dogadanja\\\/t-b-f-live-na-visu\\\/\"]}]},{\"@type\":\"ImageObject\",\"inLanguage\":\"hr\",\"@id\":\"https:\\\/\\\/www.vis-tourism.com\\\/hr\\\/kalendar-dogadanja\\\/t-b-f-live-na-visu\\\/#primaryimage\",\"url\":\"https:\\\/\\\/www.vis-tourism.com\\\/wp-content\\\/uploads\\\/2025\\\/06\\\/Event-Facebook-Event-Cover.png\",\"contentUrl\":\"https:\\\/\\\/www.vis-tourism.com\\\/wp-content\\\/uploads\\\/2025\\\/06\\\/Event-Facebook-Event-Cover.png\",\"width\":1280,\"height\":720},{\"@type\":\"BreadcrumbList\",\"@id\":\"https:\\\/\\\/www.vis-tourism.com\\\/hr\\\/kalendar-dogadanja\\\/t-b-f-live-na-visu\\\/#breadcrumb\",\"itemListElement\":[{\"@type\":\"ListItem\",\"position\":1,\"name\":\"Home\",\"item\":\"https:\\\/\\\/www.vis-tourism.com\\\/hr\\\/\"},{\"@type\":\"ListItem\",\"position\":2,\"name\":\"Doga\u0111aji\",\"item\":\"https:\\\/\\\/www.vis-tourism.com\\\/hr\\\/kalendar-dogadanja\\\/\"},{\"@type\":\"ListItem\",\"position\":3,\"name\":\"T.B.F. Live koncert na Visu\"}]},{\"@type\":\"WebSite\",\"@id\":\"https:\\\/\\\/www.vis-tourism.com\\\/hr\\\/#website\",\"url\":\"https:\\\/\\\/www.vis-tourism.com\\\/hr\\\/\",\"name\":\"Turisti\u010dka zajednica grada Visa\",\"description\":\"Slu\u017ebeni portal Turisti\u010dke zajednice Grada Visa, sve informacije o hotelima kampovima, privatnom smje\u0161taju\",\"publisher\":{\"@id\":\"https:\\\/\\\/www.vis-tourism.com\\\/hr\\\/#organization\"},\"potentialAction\":[{\"@type\":\"SearchAction\",\"target\":{\"@type\":\"EntryPoint\",\"urlTemplate\":\"https:\\\/\\\/www.vis-tourism.com\\\/hr\\\/?s={search_term_string}\"},\"query-input\":{\"@type\":\"PropertyValueSpecification\",\"valueRequired\":true,\"valueName\":\"search_term_string\"}}],\"inLanguage\":\"hr\"},{\"@type\":\"Organization\",\"@id\":\"https:\\\/\\\/www.vis-tourism.com\\\/hr\\\/#organization\",\"name\":\"Turisti\u010dke zajednica grada Visa\",\"url\":\"https:\\\/\\\/www.vis-tourism.com\\\/hr\\\/\",\"logo\":{\"@type\":\"ImageObject\",\"inLanguage\":\"hr\",\"@id\":\"https:\\\/\\\/www.vis-tourism.com\\\/hr\\\/#\\\/schema\\\/logo\\\/image\\\/\",\"url\":\"https:\\\/\\\/www.vis-tourism.com\\\/wp-content\\\/uploads\\\/2024\\\/05\\\/tz-vis-logotip.png\",\"contentUrl\":\"https:\\\/\\\/www.vis-tourism.com\\\/wp-content\\\/uploads\\\/2024\\\/05\\\/tz-vis-logotip.png\",\"width\":800,\"height\":378,\"caption\":\"Turisti\u010dke zajednica grada Visa\"},\"image\":{\"@id\":\"https:\\\/\\\/www.vis-tourism.com\\\/hr\\\/#\\\/schema\\\/logo\\\/image\\\/\"},\"sameAs\":[\"https:\\\/\\\/www.facebook.com\\\/tzgvis\\\/\",\"https:\\\/\\\/www.instagram.com\\\/tzgvis\\\/\",\"https:\\\/\\\/www.youtube.com\\\/@VisTourism\"]}]}<\/script>\n<!-- \/ Yoast SEO plugin. -->","yoast_head_json":{"title":"T.B.F. Live koncert na Visu - Turisti\u010dka zajednica grada Visa","description":"Pripremite se za glazbeni spektakl ljeta! TBF dolazi na Vis s energi\u010dnim live nastupom 1. srpnja. U\u017eivajte u hitovima \u201cAlles Gut\u201d, \u201cFantasti\u010dna\u201d, \u201cNostalgi\u010dna\u201d i \u201cSmak svita\u201d u jedinstvenoj atmosferi otoka. Ne propustite priliku za nezaboravnu ve\u010der!","robots":{"index":"index","follow":"follow","max-snippet":"max-snippet:-1","max-image-preview":"max-image-preview:large","max-video-preview":"max-video-preview:-1"},"canonical":"https:\/\/www.vis-tourism.com\/hr\/kalendar-dogadanja\/t-b-f-live-na-visu\/","og_locale":"hr_HR","og_type":"article","og_title":"T.B.F. Live koncert na Visu - Turisti\u010dka zajednica grada Visa","og_description":"Pripremite se za glazbeni spektakl ljeta! TBF dolazi na Vis s energi\u010dnim live nastupom 1. srpnja. U\u017eivajte u hitovima \u201cAlles Gut\u201d, \u201cFantasti\u010dna\u201d, \u201cNostalgi\u010dna\u201d i \u201cSmak svita\u201d u jedinstvenoj atmosferi otoka. Ne propustite priliku za nezaboravnu ve\u010der!","og_url":"https:\/\/www.vis-tourism.com\/hr\/kalendar-dogadanja\/t-b-f-live-na-visu\/","og_site_name":"Turisti\u010dka zajednica grada Visa","article_publisher":"https:\/\/www.facebook.com\/tzgvis\/","article_modified_time":"2025-07-01T07:44:42+00:00","og_image":[{"width":1280,"height":720,"url":"https:\/\/www.vis-tourism.com\/wp-content\/uploads\/2025\/06\/Event-Facebook-Event-Cover.png","type":"image\/png"}],"twitter_card":"summary_large_image","twitter_misc":{"Procijenjeno vrijeme \u010ditanja":"1 minuta"},"schema":{"@context":"https:\/\/schema.org","@graph":[{"@type":"WebPage","@id":"https:\/\/www.vis-tourism.com\/hr\/kalendar-dogadanja\/t-b-f-live-na-visu\/","url":"https:\/\/www.vis-tourism.com\/hr\/kalendar-dogadanja\/t-b-f-live-na-visu\/","name":"T.B.F. Live koncert na Visu - Turisti\u010dka zajednica grada Visa","isPartOf":{"@id":"https:\/\/www.vis-tourism.com\/hr\/#website"},"primaryImageOfPage":{"@id":"https:\/\/www.vis-tourism.com\/hr\/kalendar-dogadanja\/t-b-f-live-na-visu\/#primaryimage"},"image":{"@id":"https:\/\/www.vis-tourism.com\/hr\/kalendar-dogadanja\/t-b-f-live-na-visu\/#primaryimage"},"thumbnailUrl":"https:\/\/www.vis-tourism.com\/wp-content\/uploads\/2025\/06\/Event-Facebook-Event-Cover.png","datePublished":"2025-06-21T04:18:28+00:00","dateModified":"2025-07-01T07:44:42+00:00","description":"Pripremite se za glazbeni spektakl ljeta! TBF dolazi na Vis s energi\u010dnim live nastupom 1. srpnja. U\u017eivajte u hitovima \u201cAlles Gut\u201d, \u201cFantasti\u010dna\u201d, \u201cNostalgi\u010dna\u201d i \u201cSmak svita\u201d u jedinstvenoj atmosferi otoka. Ne propustite priliku za nezaboravnu ve\u010der!","breadcrumb":{"@id":"https:\/\/www.vis-tourism.com\/hr\/kalendar-dogadanja\/t-b-f-live-na-visu\/#breadcrumb"},"inLanguage":"hr","potentialAction":[{"@type":"ReadAction","target":["https:\/\/www.vis-tourism.com\/hr\/kalendar-dogadanja\/t-b-f-live-na-visu\/"]}]},{"@type":"ImageObject","inLanguage":"hr","@id":"https:\/\/www.vis-tourism.com\/hr\/kalendar-dogadanja\/t-b-f-live-na-visu\/#primaryimage","url":"https:\/\/www.vis-tourism.com\/wp-content\/uploads\/2025\/06\/Event-Facebook-Event-Cover.png","contentUrl":"https:\/\/www.vis-tourism.com\/wp-content\/uploads\/2025\/06\/Event-Facebook-Event-Cover.png","width":1280,"height":720},{"@type":"BreadcrumbList","@id":"https:\/\/www.vis-tourism.com\/hr\/kalendar-dogadanja\/t-b-f-live-na-visu\/#breadcrumb","itemListElement":[{"@type":"ListItem","position":1,"name":"Home","item":"https:\/\/www.vis-tourism.com\/hr\/"},{"@type":"ListItem","position":2,"name":"Doga\u0111aji","item":"https:\/\/www.vis-tourism.com\/hr\/kalendar-dogadanja\/"},{"@type":"ListItem","position":3,"name":"T.B.F. Live koncert na Visu"}]},{"@type":"WebSite","@id":"https:\/\/www.vis-tourism.com\/hr\/#website","url":"https:\/\/www.vis-tourism.com\/hr\/","name":"Turisti\u010dka zajednica grada Visa","description":"Slu\u017ebeni portal Turisti\u010dke zajednice Grada Visa, sve informacije o hotelima kampovima, privatnom smje\u0161taju","publisher":{"@id":"https:\/\/www.vis-tourism.com\/hr\/#organization"},"potentialAction":[{"@type":"SearchAction","target":{"@type":"EntryPoint","urlTemplate":"https:\/\/www.vis-tourism.com\/hr\/?s={search_term_string}"},"query-input":{"@type":"PropertyValueSpecification","valueRequired":true,"valueName":"search_term_string"}}],"inLanguage":"hr"},{"@type":"Organization","@id":"https:\/\/www.vis-tourism.com\/hr\/#organization","name":"Turisti\u010dke zajednica grada Visa","url":"https:\/\/www.vis-tourism.com\/hr\/","logo":{"@type":"ImageObject","inLanguage":"hr","@id":"https:\/\/www.vis-tourism.com\/hr\/#\/schema\/logo\/image\/","url":"https:\/\/www.vis-tourism.com\/wp-content\/uploads\/2024\/05\/tz-vis-logotip.png","contentUrl":"https:\/\/www.vis-tourism.com\/wp-content\/uploads\/2024\/05\/tz-vis-logotip.png","width":800,"height":378,"caption":"Turisti\u010dke zajednica grada Visa"},"image":{"@id":"https:\/\/www.vis-tourism.com\/hr\/#\/schema\/logo\/image\/"},"sameAs":["https:\/\/www.facebook.com\/tzgvis\/","https:\/\/www.instagram.com\/tzgvis\/","https:\/\/www.youtube.com\/@VisTourism"]}]}},"_links":{"self":[{"href":"https:\/\/www.vis-tourism.com\/hr\/wp-json\/wp\/v2\/tribe_events\/8405","targetHints":{"allow":["GET"]}}],"collection":[{"href":"https:\/\/www.vis-tourism.com\/hr\/wp-json\/wp\/v2\/tribe_events"}],"about":[{"href":"https:\/\/www.vis-tourism.com\/hr\/wp-json\/wp\/v2\/types\/tribe_events"}],"author":[{"embeddable":true,"href":"https:\/\/www.vis-tourism.com\/hr\/wp-json\/wp\/v2\/users\/1"}],"version-history":[{"count":4,"href":"https:\/\/www.vis-tourism.com\/hr\/wp-json\/wp\/v2\/tribe_events\/8405\/revisions"}],"predecessor-version":[{"id":8492,"href":"https:\/\/www.vis-tourism.com\/hr\/wp-json\/wp\/v2\/tribe_events\/8405\/revisions\/8492"}],"wp:featuredmedia":[{"embeddable":true,"href":"https:\/\/www.vis-tourism.com\/hr\/wp-json\/wp\/v2\/media\/8484"}],"wp:attachment":[{"href":"https:\/\/www.vis-tourism.com\/hr\/wp-json\/wp\/v2\/media?parent=8405"}],"wp:term":[{"taxonomy":"post_tag","embeddable":true,"href":"https:\/\/www.vis-tourism.com\/hr\/wp-json\/wp\/v2\/tags?post=8405"},{"taxonomy":"tribe_events_cat","embeddable":true,"href":"https:\/\/www.vis-tourism.com\/hr\/wp-json\/wp\/v2\/tribe_events_cat?post=8405"}],"curies":[{"name":"wp","href":"https:\/\/api.w.org\/{rel}","templated":true}]}}